{"id":7440,"date":"2026-07-20T18:46:46","date_gmt":"2026-07-20T23:46:46","guid":{"rendered":"https:\/\/germancastrocaycedo.co\/portal\/?page_id=7440"},"modified":"2026-08-31T21:42:47","modified_gmt":"2026-09-01T02:42:47","slug":"notas-de-actualidad","status":"publish","type":"page","link":"https:\/\/germancastrocaycedo.co\/portal\/notas-de-actualidad\/","title":{"rendered":"Actualidad"},"content":{"rendered":"\n<h1 class=\"wp-block-heading has-text-align-center has-base-3-color has-text-color has-background has-link-color wp-elements-1\" style=\"background-color:#b5502f\">Actualidad<\/h1>\n\n\n\n<div style=\"height:50px\" aria-hidden=\"true\" class=\"wp-block-spacer\"><\/div>\n\n\n\n<h2 class=\"wp-block-heading has-text-align-center\">Entradas recientes<\/h2>\n\n\n\n<div class=\"gb-query-7d4db4a9\"><div class=\"gb-looper-f8b3d19e\">\n<div class=\"gb-loop-item gb-loop-item-34ba1192 post-7677 post type-post status-publish format-standard has-post-thumbnail hentry category-actualidad tag-alejandro-labaka tag-francisco-de-roux tag-german-castro-caycedo tag-ines-arango tag-la-noche-de-las-lanzas tag-libros\"><figure class=\"wp-block-post-featured-image\"><a href=\"https:\/\/germancastrocaycedo.co\/portal\/2026\/08\/31\/la-noche-de-las-lanzas-vuelve-a-circular-sus-protagonistas-fueron-nombrados-venerables-por-el-papa-leon-xiv-el-segundo-paso-en-el-camino-hacia-su-santificacion\/\" target=\"_blank\" ><img loading=\"lazy\" decoding=\"async\" width=\"1200\" height=\"630\" src=\"https:\/\/germancastrocaycedo.co\/portal\/wp-content\/uploads\/2026\/08\/La-noche-de-las-lanzas.png\" class=\"attachment-post-thumbnail size-post-thumbnail wp-post-image\" alt=\"&#8216;La noche de las lanzas&#8217; vuelve a circular: sus protagonistas fueron nombrados venerables por el papa Le\u00f3n XIV, el segundo paso en el camino hacia su santificaci\u00f3n\" style=\"object-fit:cover;\" srcset=\"https:\/\/germancastrocaycedo.co\/portal\/wp-content\/uploads\/2026\/08\/La-noche-de-las-lanzas.png 1200w, https:\/\/germancastrocaycedo.co\/portal\/wp-content\/uploads\/2026\/08\/La-noche-de-las-lanzas-300x158.png 300w, https:\/\/germancastrocaycedo.co\/portal\/wp-content\/uploads\/2026\/08\/La-noche-de-las-lanzas-1024x538.png 1024w, https:\/\/germancastrocaycedo.co\/portal\/wp-content\/uploads\/2026\/08\/La-noche-de-las-lanzas-768x403.png 768w\" sizes=\"auto, (max-width: 1200px) 100vw, 1200px\" title=\"\"><\/a><\/figure>\n\n\n<div class=\"wp-block-group\"><div class=\"wp-block-group__inner-container is-layout-constrained wp-block-group-is-layout-constrained\"><div class=\"has-link-color wp-elements-6 wp-block-post-date has-text-color has-base-3-color\"><time datetime=\"2026-08-31T21:17:13-05:00\">31 agosto, 2026<\/time><\/div>\n\n<h2 style=\"font-size:18px\" class=\"has-link-color wp-elements-7 wp-block-post-title has-text-color has-base-3-color\"><a href=\"https:\/\/germancastrocaycedo.co\/portal\/2026\/08\/31\/la-noche-de-las-lanzas-vuelve-a-circular-sus-protagonistas-fueron-nombrados-venerables-por-el-papa-leon-xiv-el-segundo-paso-en-el-camino-hacia-su-santificacion\/\" target=\"_self\" >&#8216;La noche de las lanzas&#8217; vuelve a circular: sus protagonistas fueron nombrados venerables por el papa Le\u00f3n XIV, el segundo paso en el camino hacia su santificaci\u00f3n<\/a><\/h2><\/div><\/div>\n<\/div>\n\n<div class=\"gb-loop-item gb-loop-item-34ba1192 post-7674 post type-post status-publish format-standard has-post-thumbnail hentry category-actualidad tag-catalina-castro-blanchet tag-el-colombiano tag-german-castro-caycedo tag-la-noche-de-las-lanzas tag-libros tag-mi-padre-german-castro-caycedo tag-revista-generaciones\"><figure class=\"wp-block-post-featured-image\"><a href=\"https:\/\/germancastrocaycedo.co\/portal\/2026\/08\/31\/german-castro-caycedo-el-cacique-blanco-que-se-enmaniguo\/\" target=\"_blank\" ><img loading=\"lazy\" decoding=\"async\" width=\"750\" height=\"350\" src=\"https:\/\/germancastrocaycedo.co\/portal\/wp-content\/uploads\/2024\/07\/enviado-especial-cerrejon-4.jpg\" class=\"attachment-post-thumbnail size-post-thumbnail wp-post-image\" alt=\"Germ\u00e1n Castro Caycedo, el cacique blanco que se enmanigu\u00f3\" style=\"object-fit:cover;\" srcset=\"https:\/\/germancastrocaycedo.co\/portal\/wp-content\/uploads\/2024\/07\/enviado-especial-cerrejon-4.jpg 750w, https:\/\/germancastrocaycedo.co\/portal\/wp-content\/uploads\/2024\/07\/enviado-especial-cerrejon-4-300x140.jpg 300w, https:\/\/germancastrocaycedo.co\/portal\/wp-content\/uploads\/2024\/07\/enviado-especial-cerrejon-4-170x79.jpg 170w\" sizes=\"auto, (max-width: 750px) 100vw, 750px\" title=\"\"><\/a><\/figure>\n\n\n<div class=\"wp-block-group\"><div class=\"wp-block-group__inner-container is-layout-constrained wp-block-group-is-layout-constrained\"><div class=\"has-link-color wp-elements-8 wp-block-post-date has-text-color has-base-3-color\"><time datetime=\"2026-08-31T18:52:12-05:00\">31 agosto, 2026<\/time><\/div>\n\n<h2 style=\"font-size:18px\" class=\"has-link-color wp-elements-9 wp-block-post-title has-text-color has-base-3-color\"><a href=\"https:\/\/germancastrocaycedo.co\/portal\/2026\/08\/31\/german-castro-caycedo-el-cacique-blanco-que-se-enmaniguo\/\" target=\"_self\" >Germ\u00e1n Castro Caycedo, el cacique blanco que se enmanigu\u00f3<\/a><\/h2><\/div><\/div>\n<\/div>\n\n<div class=\"gb-loop-item gb-loop-item-34ba1192 post-7688 post type-post status-publish format-standard has-post-thumbnail hentry category-actualidad tag-297 tag-298\"><figure class=\"wp-block-post-featured-image\"><a href=\"https:\/\/germancastrocaycedo.co\/portal\/2026\/08\/22\/cinco-razones-para-leer-a-german-castro-caycedo-por-editorial-planeta\/\" target=\"_blank\" ><img loading=\"lazy\" decoding=\"async\" width=\"1140\" height=\"333\" src=\"https:\/\/germancastrocaycedo.co\/portal\/wp-content\/uploads\/2022\/03\/Foto-pagina-1140x333.jpg\" class=\"attachment-post-thumbnail size-post-thumbnail wp-post-image\" alt=\"Cinco razones para leer a Germ\u00e1n Castro Caycedo: por Editorial Planeta\" style=\"object-fit:cover;\" srcset=\"https:\/\/germancastrocaycedo.co\/portal\/wp-content\/uploads\/2022\/03\/Foto-pagina-1140x333.jpg 1140w, https:\/\/germancastrocaycedo.co\/portal\/wp-content\/uploads\/2022\/03\/Foto-pagina-300x88.jpg 300w, https:\/\/germancastrocaycedo.co\/portal\/wp-content\/uploads\/2022\/03\/Foto-pagina-1024x299.jpg 1024w, https:\/\/germancastrocaycedo.co\/portal\/wp-content\/uploads\/2022\/03\/Foto-pagina-768x224.jpg 768w, https:\/\/germancastrocaycedo.co\/portal\/wp-content\/uploads\/2022\/03\/Foto-pagina-170x50.jpg 170w, https:\/\/germancastrocaycedo.co\/portal\/wp-content\/uploads\/2022\/03\/Foto-pagina.jpg 1200w\" sizes=\"auto, (max-width: 1140px) 100vw, 1140px\" title=\"\"><\/a><\/figure>\n\n\n<div class=\"wp-block-group\"><div class=\"wp-block-group__inner-container is-layout-constrained wp-block-group-is-layout-constrained\"><div class=\"has-link-color wp-elements-10 wp-block-post-date has-text-color has-base-3-color\"><time datetime=\"2026-08-22T13:35:02-05:00\">22 agosto, 2026<\/time><\/div>\n\n<h2 style=\"font-size:18px\" class=\"has-link-color wp-elements-11 wp-block-post-title has-text-color has-base-3-color\"><a href=\"https:\/\/germancastrocaycedo.co\/portal\/2026\/08\/22\/cinco-razones-para-leer-a-german-castro-caycedo-por-editorial-planeta\/\" target=\"_self\" >Cinco razones para leer a Germ\u00e1n Castro Caycedo: por Editorial Planeta<\/a><\/h2><\/div><\/div>\n<\/div>\n<\/div><\/div>\n\n\n\n<div style=\"height:50px\" aria-hidden=\"true\" class=\"wp-block-spacer\"><\/div>\n\n\n\n<h2 class=\"wp-block-heading has-text-align-center\">Buscar<\/h2>\n\n\n<form role=\"search\" method=\"get\" action=\"https:\/\/germancastrocaycedo.co\/portal\/\" class=\"wp-block-search__button-outside wp-block-search__text-button wp-block-search\" ><label class=\"wp-block-search__label screen-reader-text\" for=\"wp-block-search__input-1\" >Buscar<\/label><div class=\"wp-block-search__inside-wrapper\" ><input class=\"wp-block-search__input\" id=\"wp-block-search__input-1\" placeholder=\"Encuentre el tema de su inter\u00e9s...\" value=\"\" type=\"search\" name=\"s\" required \/><button aria-label=\"Buscar\" class=\"wp-block-search__button has-background wp-element-button\" type=\"submit\"  style=\"background-color: #b5502f\">Buscar<\/button><\/div><\/form>\n\n\n<div style=\"height:50px\" aria-hidden=\"true\" class=\"wp-block-spacer\"><\/div>\n\n\n\n<h2 class=\"wp-block-heading has-text-align-center\">Otras entradas<\/h2>\n\n\n\n<div><div class=\"gb-looper-d6bd7767\">\n<div class=\"gb-loop-item gb-loop-item-3b72bc78 post-7688 post type-post status-publish format-standard has-post-thumbnail hentry category-actualidad tag-297 tag-298\">\n<img loading=\"lazy\" decoding=\"async\" width=\"1200\" height=\"350\" data-media-id=\"4633\" class=\"gb-media-dc425a55\" src=\"https:\/\/germancastrocaycedo.co\/portal\/wp-content\/uploads\/2022\/03\/Foto-pagina.jpg\" alt=\"Cinco razones para leer a Germ\u00e1n Castro Caycedo: por Editorial Planeta\" srcset=\"https:\/\/germancastrocaycedo.co\/portal\/wp-content\/uploads\/2022\/03\/Foto-pagina.jpg 1200w, https:\/\/germancastrocaycedo.co\/portal\/wp-content\/uploads\/2022\/03\/Foto-pagina-300x88.jpg 300w, https:\/\/germancastrocaycedo.co\/portal\/wp-content\/uploads\/2022\/03\/Foto-pagina-1024x299.jpg 1024w, https:\/\/germancastrocaycedo.co\/portal\/wp-content\/uploads\/2022\/03\/Foto-pagina-768x224.jpg 768w, https:\/\/germancastrocaycedo.co\/portal\/wp-content\/uploads\/2022\/03\/Foto-pagina-1140x333.jpg 1140w, https:\/\/germancastrocaycedo.co\/portal\/wp-content\/uploads\/2022\/03\/Foto-pagina-170x50.jpg 170w\" sizes=\"auto, (max-width: 1200px) 100vw, 1200px\" title=\"\">\n\n\n\n<h2 class=\"gb-text gb-text-327a916a\"><a href=\"https:\/\/germancastrocaycedo.co\/portal\/2026\/08\/22\/cinco-razones-para-leer-a-german-castro-caycedo-por-editorial-planeta\/\">Cinco razones para leer a Germ\u00e1n Castro Caycedo: por Editorial Planeta<\/a><\/h2>\n\n\n\n<p class=\"gb-text gb-text-65bdb311\">22 agosto, 2026<\/p>\n\n\n\n<p class=\"gb-text\">Editorial Planeta public\u00f3 un video con las cinco principales razones para leer la amplia obra de Germ\u00e1n Castro Caycedo en el quinto aniversario de su fallecimiento.<\/p>\n<\/div>\n\n<div class=\"gb-loop-item gb-loop-item-3b72bc78 post-7664 post type-post status-publish format-standard has-post-thumbnail hentry category-actualidad category-homenaje-a-german-castro-caycedo tag-archivo tag-archivo-personal tag-biblioteca-nacional tag-german-castro-caycedo tag-gloria-moreno\">\n<img loading=\"lazy\" decoding=\"async\" width=\"750\" height=\"350\" data-media-id=\"4656\" class=\"gb-media-dc425a55\" src=\"https:\/\/germancastrocaycedo.co\/portal\/wp-content\/uploads\/2022\/05\/gloria-y-german-web.jpg\" alt=\"El archivo de Germ\u00e1n Castro Caycedo llega a la Biblioteca Nacional de Colombia\" srcset=\"https:\/\/germancastrocaycedo.co\/portal\/wp-content\/uploads\/2022\/05\/gloria-y-german-web.jpg 750w, https:\/\/germancastrocaycedo.co\/portal\/wp-content\/uploads\/2022\/05\/gloria-y-german-web-300x140.jpg 300w, https:\/\/germancastrocaycedo.co\/portal\/wp-content\/uploads\/2022\/05\/gloria-y-german-web-170x79.jpg 170w\" sizes=\"auto, (max-width: 750px) 100vw, 750px\" title=\"\">\n\n\n\n<h2 class=\"gb-text gb-text-327a916a\"><a href=\"https:\/\/germancastrocaycedo.co\/portal\/2026\/08\/22\/el-archivo-de-german-castro-caycedo-llega-a-la-biblioteca-nacional-de-colombia\/\">El archivo de Germ\u00e1n Castro Caycedo llega a la Biblioteca Nacional de Colombia<\/a><\/h2>\n\n\n\n<p class=\"gb-text gb-text-65bdb311\">22 agosto, 2026<\/p>\n\n\n\n<p class=\"gb-text\">La periodista Gloria Moreno explica el archivo que conserv\u00f3 de su esposo, Germ\u00e1n Castro Caycedo.<\/p>\n<\/div>\n\n<div class=\"gb-loop-item gb-loop-item-3b72bc78 post-7662 post type-post status-publish format-standard has-post-thumbnail hentry category-actualidad category-homenaje-a-german-castro-caycedo tag-editorial tag-el-tiempo tag-german-castro-caycedo tag-homenaje-a-german-castro-caycedo tag-libros tag-periodismo\">\n<img loading=\"lazy\" decoding=\"async\" width=\"750\" height=\"350\" data-media-id=\"4461\" class=\"gb-media-dc425a55\" src=\"https:\/\/germancastrocaycedo.co\/portal\/wp-content\/uploads\/2021\/08\/Gloria-Moreno-en-Semana.jpeg\" alt=\"La voz de Castro Caycedo\" srcset=\"https:\/\/germancastrocaycedo.co\/portal\/wp-content\/uploads\/2021\/08\/Gloria-Moreno-en-Semana.jpeg 750w, https:\/\/germancastrocaycedo.co\/portal\/wp-content\/uploads\/2021\/08\/Gloria-Moreno-en-Semana-300x140.jpeg 300w, https:\/\/germancastrocaycedo.co\/portal\/wp-content\/uploads\/2021\/08\/Gloria-Moreno-en-Semana-170x79.jpeg 170w\" sizes=\"auto, (max-width: 750px) 100vw, 750px\" title=\"\">\n\n\n\n<h2 class=\"gb-text gb-text-327a916a\"><a href=\"https:\/\/germancastrocaycedo.co\/portal\/2026\/08\/22\/la-voz-de-castro-caycedo\/\">La voz de Castro Caycedo<\/a><\/h2>\n\n\n\n<p class=\"gb-text gb-text-65bdb311\">22 agosto, 2026<\/p>\n\n\n\n<p class=\"gb-text\">Editorial del peri\u00f3dico El Tiempo sobre la donaci\u00f3n del archivo de Germ\u00e1n Castro Caycedo a la Biblioteca Nacional.<\/p>\n<\/div>\n\n<div class=\"gb-loop-item gb-loop-item-3b72bc78 post-7659 post type-post status-publish format-standard has-post-thumbnail hentry category-actualidad tag-alvaro-castillo-2 tag-german-castro-caycedo tag-homenaje-a-german-castro-caycedo tag-libros\">\n<img loading=\"lazy\" decoding=\"async\" width=\"1200\" height=\"630\" data-media-id=\"7660\" class=\"gb-media-dc425a55\" src=\"https:\/\/germancastrocaycedo.co\/portal\/wp-content\/uploads\/2026\/08\/alvaro_castillo_sobre_german_castro_caycedo.png\" alt=\"\u00abHacerse uno con la poblaci\u00f3n\u00bb: Germ\u00e1n Castro Caycedo, seg\u00fan el librero y escritor \u00c1lvaro Castillo\" srcset=\"https:\/\/germancastrocaycedo.co\/portal\/wp-content\/uploads\/2026\/08\/alvaro_castillo_sobre_german_castro_caycedo.png 1200w, https:\/\/germancastrocaycedo.co\/portal\/wp-content\/uploads\/2026\/08\/alvaro_castillo_sobre_german_castro_caycedo-300x158.png 300w, https:\/\/germancastrocaycedo.co\/portal\/wp-content\/uploads\/2026\/08\/alvaro_castillo_sobre_german_castro_caycedo-1024x538.png 1024w, https:\/\/germancastrocaycedo.co\/portal\/wp-content\/uploads\/2026\/08\/alvaro_castillo_sobre_german_castro_caycedo-768x403.png 768w\" sizes=\"auto, (max-width: 1200px) 100vw, 1200px\" title=\"\">\n\n\n\n<h2 class=\"gb-text gb-text-327a916a\"><a href=\"https:\/\/germancastrocaycedo.co\/portal\/2026\/07\/23\/hacerse-uno-con-la-poblacion-german-castro-caycedo-segun-el-librero-y-escritor-alvaro-castillo\/\">\u00abHacerse uno con la poblaci\u00f3n\u00bb: Germ\u00e1n Castro Caycedo, seg\u00fan el librero y escritor \u00c1lvaro Castillo<\/a><\/h2>\n\n\n\n<p class=\"gb-text gb-text-65bdb311\">23 julio, 2026<\/p>\n\n\n\n<p class=\"gb-text\">El librero y escritor \u00c1lvaro Castillo recuerda a Germ\u00e1n Castro Caycedo, resalta el valor de su obra y la personalidad de quien fue uno de los padres del periodismo moderno.<\/p>\n<\/div>\n\n<div class=\"gb-loop-item gb-loop-item-3b72bc78 post-7656 post type-post status-publish format-standard has-post-thumbnail hentry category-actualidad tag-cronica tag-dario-jaramillo-agudelo tag-german-castro-caycedo tag-libros\">\n<img loading=\"lazy\" decoding=\"async\" width=\"1200\" height=\"630\" data-media-id=\"7657\" class=\"gb-media-dc425a55\" src=\"https:\/\/germancastrocaycedo.co\/portal\/wp-content\/uploads\/2026\/08\/Dari\u0301o-Jaramillo-sobre-Germa\u0301n-Castro-Caycedo.png\" alt=\"Dar\u00edo Jaramillo Agudelo: \u00abGerm\u00e1n es uno de los fundadores del g\u00e9nero literario de la cr\u00f3nica\u00bb\" srcset=\"https:\/\/germancastrocaycedo.co\/portal\/wp-content\/uploads\/2026\/08\/Dari\u0301o-Jaramillo-sobre-Germa\u0301n-Castro-Caycedo.png 1200w, https:\/\/germancastrocaycedo.co\/portal\/wp-content\/uploads\/2026\/08\/Dari\u0301o-Jaramillo-sobre-Germa\u0301n-Castro-Caycedo-300x158.png 300w, https:\/\/germancastrocaycedo.co\/portal\/wp-content\/uploads\/2026\/08\/Dari\u0301o-Jaramillo-sobre-Germa\u0301n-Castro-Caycedo-1024x538.png 1024w, https:\/\/germancastrocaycedo.co\/portal\/wp-content\/uploads\/2026\/08\/Dari\u0301o-Jaramillo-sobre-Germa\u0301n-Castro-Caycedo-768x403.png 768w\" sizes=\"auto, (max-width: 1200px) 100vw, 1200px\" title=\"\">\n\n\n\n<h2 class=\"gb-text gb-text-327a916a\"><a href=\"https:\/\/germancastrocaycedo.co\/portal\/2026\/07\/15\/dario-jaramillo-agudelo-german-es-uno-de-los-fundadores-del-genero-literario-de-la-cronica\/\">Dar\u00edo Jaramillo Agudelo: \u00abGerm\u00e1n es uno de los fundadores del g\u00e9nero literario de la cr\u00f3nica\u00bb<\/a><\/h2>\n\n\n\n<p class=\"gb-text gb-text-65bdb311\">15 julio, 2026<\/p>\n\n\n\n<p class=\"gb-text\">Dar\u00edo Jaramillo Agudelo recuerda a Germ\u00e1n Castro Caycedo, a cinco a\u00f1os de su muerte, como uno de los grandes fundadores de la cr\u00f3nica en espa\u00f1ol y un narrador cuya obra sigue tan vigente como siempre.<\/p>\n<\/div>\n\n<div class=\"gb-loop-item gb-loop-item-3b72bc78 post-7650 post type-post status-publish format-standard has-post-thumbnail hentry category-actualidad tag-german-castro-caycedo tag-libros tag-mi-alma-se-la-dejo-al-diablo tag-prologo tag-reediciones tag-ricardo-silva-romero\">\n<img loading=\"lazy\" decoding=\"async\" width=\"1200\" height=\"630\" data-media-id=\"7651\" class=\"gb-media-dc425a55\" src=\"https:\/\/germancastrocaycedo.co\/portal\/wp-content\/uploads\/2026\/08\/Cara\u0301tula_Mi-alma-se-la-dejo-al-diablo_reedicion.png\" alt=\"Pr\u00f3logo: reedici\u00f3n de \u2018Mi alma se la dejo al diablo\u2019\" srcset=\"https:\/\/germancastrocaycedo.co\/portal\/wp-content\/uploads\/2026\/08\/Cara\u0301tula_Mi-alma-se-la-dejo-al-diablo_reedicion.png 1200w, https:\/\/germancastrocaycedo.co\/portal\/wp-content\/uploads\/2026\/08\/Cara\u0301tula_Mi-alma-se-la-dejo-al-diablo_reedicion-300x158.png 300w, https:\/\/germancastrocaycedo.co\/portal\/wp-content\/uploads\/2026\/08\/Cara\u0301tula_Mi-alma-se-la-dejo-al-diablo_reedicion-1024x538.png 1024w, https:\/\/germancastrocaycedo.co\/portal\/wp-content\/uploads\/2026\/08\/Cara\u0301tula_Mi-alma-se-la-dejo-al-diablo_reedicion-768x403.png 768w\" sizes=\"auto, (max-width: 1200px) 100vw, 1200px\" title=\"\">\n\n\n\n<h2 class=\"gb-text gb-text-327a916a\"><a href=\"https:\/\/germancastrocaycedo.co\/portal\/2026\/07\/11\/prologo-reedicion-de-mi-alma-se-la-dejo-al-diablo\/\">Pr\u00f3logo: reedici\u00f3n de &#8216;Mi alma se la dejo al diablo&#8217;<\/a><\/h2>\n\n\n\n<p class=\"gb-text gb-text-65bdb311\">11 julio, 2026<\/p>\n\n\n\n<p class=\"gb-text\">La reedici\u00f3n de Mi alma se la dejo al diblo (2026) de la editorial planeta, viene con un pr\u00f3logo escrito por Ricardo Silva Romero.<\/p>\n<\/div>\n<\/div>\n\n\n<div class=\"gb-element-ec9cab63 gb-query-loop-pagination\">\n\n<nav class=\"gb-query-page-numbers-bcb75b0b\"><span aria-current=\"page\" class=\"page-numbers current\">1<\/span>\n<a class=\"page-numbers\" href=\"?query-796e0d9a-page=2\">2<\/a>\n<a class=\"page-numbers\" href=\"?query-796e0d9a-page=3\">3<\/a>\n<a class=\"page-numbers\" href=\"?query-796e0d9a-page=4\">4<\/a>\n<span class=\"page-numbers dots\">&hellip;<\/span>\n<a class=\"page-numbers\" href=\"?query-796e0d9a-page=21\">21<\/a><\/nav>\n\n\n<a class=\"gb-text gb-text-19c0b0bd\" href=\"\/portal\/wp-json\/wp\/v2\/pages\/7440?query-796e0d9a-page=2\">Siguente<\/a>\n<\/div>\n\n\n<\/div>\n\n\n\n<div style=\"height:50px\" aria-hidden=\"true\" class=\"wp-block-spacer\"><\/div>\n\n\n\n<h1 class=\"wp-block-heading has-text-align-center has-base-3-color has-text-color has-background has-link-color wp-elements-16\" style=\"background-color:#b5502f\">Videos recientes<\/h1>\n\n\n\t\t\t<div \n\t\t\tclass=\"yotu-playlist yotuwp yotu-limit-min   yotu-thumb-169  yotu-template-grid\" \n\t\t\tdata-page=\"1\"\n\t\t\tid=\"yotuwp-6a99087185afd\"\n\t\t\tdata-yotu=\"modal\"\n\t\t\tdata-total=\"21\"\n\t\t\tdata-settings=\"eyJ0eXBlIjoicGxheWxpc3QiLCJpZCI6IlVVMkVGNnRLQjJKWTNSTFYyMEJ4bFV5ZyIsInBhZ2luYXRpb24iOiJvbiIsInBhZ2l0eXBlIjoicGFnZXIiLCJjb2x1bW4iOiIyIiwicGVyX3BhZ2UiOiI0IiwidGVtcGxhdGUiOiJncmlkIiwidGl0bGUiOiJvbiIsImRlc2NyaXB0aW9uIjoib24iLCJ0aHVtYnJhdGlvIjoiMTY5IiwibWV0YSI6Im9mZiIsIm1ldGFfZGF0YSI6Im9mZiIsIm1ldGFfcG9zaXRpb24iOiJvZmYiLCJkYXRlX2Zvcm1hdCI6Im9mZiIsIm1ldGFfYWxpZ24iOiJvZmYiLCJzdWJzY3JpYmUiOiJvZmYiLCJkdXJhdGlvbiI6Im9mZiIsIm1ldGFfaWNvbiI6Im9mZiIsIm5leHR0ZXh0IjoiIiwicHJldnRleHQiOiIiLCJsb2FkbW9yZXRleHQiOiIiLCJwbGF5ZXIiOnsibW9kZSI6InBvcHVwIiwid2lkdGgiOiI2MDAiLCJzY3JvbGxpbmciOiIxMDAiLCJhdXRvcGxheSI6MSwiY29udHJvbHMiOjEsIm1vZGVzdGJyYW5kaW5nIjoxLCJsb29wIjowLCJhdXRvbmV4dCI6MCwic2hvd2luZm8iOjEsInJlbCI6MCwicGxheWluZyI6MCwicGxheWluZ19kZXNjcmlwdGlvbiI6MCwidGh1bWJuYWlscyI6MCwiY2NfbG9hZF9wb2xpY3kiOiIxIiwiY2NfbGFuZ19wcmVmIjoiZXMiLCJobCI6ImVzIiwiaXZfbG9hZF9wb2xpY3kiOiIxIn0sImxhc3RfdGFiIjoic3R5bGluZyIsInVzZV9hc19tb2RhbCI6Im9mZiIsIm1vZGFsX2lkIjoib2ZmIiwibGFzdF91cGRhdGUiOiIxNzg0NTcyMzE3Iiwic3R5bGluZyI6eyJwYWdlcl9sYXlvdXQiOiJkZWZhdWx0IiwiYnV0dG9uIjoiMSIsImJ1dHRvbl9jb2xvciI6IiNmZmZmZmYiLCJidXR0b25fYmdfY29sb3IiOiIjZmZmZmZmIiwiYnV0dG9uX2NvbG9yX2hvdmVyIjoiIiwiYnV0dG9uX2JnX2NvbG9yX2hvdmVyIjoiIiwidmlkZW9fc3R5bGUiOiJncGx1cyIsInBsYXlpY29uX2NvbG9yIjoiIiwiaG92ZXJfaWNvbiI6IiIsImdhbGxlcnlfYmciOiIifSwiZWZmZWN0cyI6eyJ2aWRlb19ib3giOiIiLCJmbGlwX2VmZmVjdCI6IiJ9LCJnYWxsZXJ5X2lkIjoiNmE5OTA4NzE4NWFmZCIsIm5leHQiOiJFQUFhSGxCVU9rTkJVV2xGUlVrMFRrUlJNMDlVV2tKU1JWbDVUMVJyZDFGcVRRIiwicHJldiI6IiJ9\"\n\t\t\tdata-player=\"popup\"\n\t\t\tdata-showdesc=\"on\" >\n\t\t\t\t<div>\n\t\t\t\t\t<div class=\"yotu-pagination yotu-pager_layout-default yotu-pagination-top\">\n<a href=\"#\" class=\"yotu-pagination-prev yotu-button-prs yotu-button-prs-1\" data-page=\"prev\">Prev<\/a>\n<span class=\"yotu-pagination-current\">1<\/span> <span>of<\/span> <span class=\"yotu-pagination-total\">21<\/span>\n<a href=\"#\" class=\"yotu-pagination-next yotu-button-prs yotu-button-prs-1\" data-page=\"next\">Next<\/a>\n<\/div>\n<div class=\"yotu-videos yotu-mode-grid yotu-preset yotu-preset-gplus yotu-column-2 yotu-player-mode-popup\">\n\t<ul>\n\t\t\t\t\t<li class=\" yotu-first\">\n\t\t\t\t\t\t\t\t<a href=\"#5acbbT2VGdY\" class=\"yotu-video\" data-videoid=\"5acbbT2VGdY\" data-title=\"Germ\u00e1n Castro Caycedo a trav\u00e9s de los ojos de \u00c1lvaro Castillo Granada (el Librovejero)\" title=\"Germ\u00e1n Castro Caycedo a trav\u00e9s de los ojos de \u00c1lvaro Castillo Granada (el Librovejero)\">\n\t\t\t\t\t<div class=\"yotu-video-thumb-wrp\">\n\t\t\t\t\t\t<div>\n\t\t\t\t\t\t\t\t\t\t\t\t\t\t<img decoding=\"async\" class=\"yotu-video-thumb\" src=\"https:\/\/i.ytimg.com\/vi\/5acbbT2VGdY\/sddefault.jpg\" alt=\"Germ\u00e1n Castro Caycedo a trav\u00e9s de los ojos de \u00c1lvaro Castillo Granada (el Librovejero)\" title=\"\">\t\n\t\t\t\t\t\t\t\t\t\t\t\t\t<\/div>\n\t\t\t\t\t<\/div>\n\t\t\t\t\t\t\t\t\t\t\t<h3 class=\"yotu-video-title\">Germ\u00e1n Castro Caycedo a trav\u00e9s de los ojos de \u00c1lvaro Castillo Granada (el Librovejero)<\/h3>\n\t\t\t\t\t\t\t\t\t\t\t\t\t\t\t\t\t\t\t\t\t<div class=\"yotu-video-description\"><\/div>\n\t\t\t\t\t\t\t\t\t<\/a>\n\t\t\t\t\t\t\t<\/li>\n\t\t\t\t\n\t\t\t\t\t\t<li class=\"\">\n\t\t\t\t\t\t\t\t<a href=\"#6f0hzz7Y2WQ\" class=\"yotu-video\" data-videoid=\"6f0hzz7Y2WQ\" data-title=\"5 razones para leer a Germ\u00e1n Castro Caycedo: Editorial Planeta\" title=\"5 razones para leer a Germ\u00e1n Castro Caycedo: Editorial Planeta\">\n\t\t\t\t\t<div class=\"yotu-video-thumb-wrp\">\n\t\t\t\t\t\t<div>\n\t\t\t\t\t\t\t\t\t\t\t\t\t\t<img decoding=\"async\" class=\"yotu-video-thumb\" src=\"https:\/\/i.ytimg.com\/vi\/6f0hzz7Y2WQ\/hqdefault.jpg\" alt=\"5 razones para leer a Germ\u00e1n Castro Caycedo: Editorial Planeta\" title=\"\">\t\n\t\t\t\t\t\t\t\t\t\t\t\t\t<\/div>\n\t\t\t\t\t<\/div>\n\t\t\t\t\t\t\t\t\t\t\t<h3 class=\"yotu-video-title\">5 razones para leer a Germ\u00e1n Castro Caycedo: Editorial Planeta<\/h3>\n\t\t\t\t\t\t\t\t\t\t\t\t\t\t\t\t\t\t\t\t\t<div class=\"yotu-video-description\"><\/div>\n\t\t\t\t\t\t\t\t\t<\/a>\n\t\t\t\t\t\t\t<\/li>\n\t\t\t\t\n\t\t\t\t\t\t<li class=\"\">\n\t\t\t\t\t\t\t\t<a href=\"#tbeT7uzgDec\" class=\"yotu-video\" data-videoid=\"tbeT7uzgDec\" data-title=\"Gloria Moreno entrega el archivo de Germ\u00e1n Castro Caycedo a la Biblioteca Nacional\" title=\"Gloria Moreno entrega el archivo de Germ\u00e1n Castro Caycedo a la Biblioteca Nacional\">\n\t\t\t\t\t<div class=\"yotu-video-thumb-wrp\">\n\t\t\t\t\t\t<div>\n\t\t\t\t\t\t\t\t\t\t\t\t\t\t<img decoding=\"async\" class=\"yotu-video-thumb\" src=\"https:\/\/i.ytimg.com\/vi\/tbeT7uzgDec\/sddefault.jpg\" alt=\"Gloria Moreno entrega el archivo de Germ\u00e1n Castro Caycedo a la Biblioteca Nacional\" title=\"\">\t\n\t\t\t\t\t\t\t\t\t\t\t\t\t<\/div>\n\t\t\t\t\t<\/div>\n\t\t\t\t\t\t\t\t\t\t\t<h3 class=\"yotu-video-title\">Gloria Moreno entrega el archivo de Germ\u00e1n Castro Caycedo a la Biblioteca Nacional<\/h3>\n\t\t\t\t\t\t\t\t\t\t\t\t\t\t\t\t\t\t\t\t\t<div class=\"yotu-video-description\"><\/div>\n\t\t\t\t\t\t\t\t\t<\/a>\n\t\t\t\t\t\t\t<\/li>\n\t\t\t\t\n\t\t\t\t\t\t<li class=\" yotu-last\">\n\t\t\t\t\t\t\t\t<a href=\"#vyaJpGLS32k\" class=\"yotu-video\" data-videoid=\"vyaJpGLS32k\" data-title=\"A cinco a\u00f1os de su muerte, el poeta Dar\u00edo Jaramillo recuerda la obra de Germ\u00e1n Castro Caycedo\" title=\"A cinco a\u00f1os de su muerte, el poeta Dar\u00edo Jaramillo recuerda la obra de Germ\u00e1n Castro Caycedo\">\n\t\t\t\t\t<div class=\"yotu-video-thumb-wrp\">\n\t\t\t\t\t\t<div>\n\t\t\t\t\t\t\t\t\t\t\t\t\t\t<img decoding=\"async\" class=\"yotu-video-thumb\" src=\"https:\/\/i.ytimg.com\/vi\/vyaJpGLS32k\/sddefault.jpg\" alt=\"A cinco a\u00f1os de su muerte, el poeta Dar\u00edo Jaramillo recuerda la obra de Germ\u00e1n Castro Caycedo\" title=\"\">\t\n\t\t\t\t\t\t\t\t\t\t\t\t\t<\/div>\n\t\t\t\t\t<\/div>\n\t\t\t\t\t\t\t\t\t\t\t<h3 class=\"yotu-video-title\">A cinco a\u00f1os de su muerte, el poeta Dar\u00edo Jaramillo recuerda la obra de Germ\u00e1n Castro Caycedo<\/h3>\n\t\t\t\t\t\t\t\t\t\t\t\t\t\t\t\t\t\t\t\t\t<div class=\"yotu-video-description\"><\/div>\n\t\t\t\t\t\t\t\t\t<\/a>\n\t\t\t\t\t\t\t<\/li>\n\t\t\t\t\n\t\t\t\t<\/ul>\n<\/div><div class=\"yotu-pagination yotu-pager_layout-default yotu-pagination-bottom\">\n<a href=\"#\" class=\"yotu-pagination-prev yotu-button-prs yotu-button-prs-1\" data-page=\"prev\">Prev<\/a>\n<span class=\"yotu-pagination-current\">1<\/span> <span>of<\/span> <span class=\"yotu-pagination-total\">21<\/span>\n<a href=\"#\" class=\"yotu-pagination-next yotu-button-prs yotu-button-prs-1\" data-page=\"next\">Next<\/a>\n<\/div>\n\t\t\t\t<\/div>\n\t\t\t<\/div>\n\t\t\t\n","protected":false},"excerpt":{"rendered":"<p>Actualidad Entradas recientes Buscar Otras entradas Videos recientes<\/p>\n","protected":false},"author":2,"featured_media":0,"parent":0,"menu_order":0,"comment_status":"closed","ping_status":"closed","template":"","meta":{"footnotes":""},"class_list":["post-7440","page","type-page","status-publish"],"_links":{"self":[{"href":"https:\/\/germancastrocaycedo.co\/portal\/wp-json\/wp\/v2\/pages\/7440","targetHints":{"allow":["GET"]}}],"collection":[{"href":"https:\/\/germancastrocaycedo.co\/portal\/wp-json\/wp\/v2\/pages"}],"about":[{"href":"https:\/\/germancastrocaycedo.co\/portal\/wp-json\/wp\/v2\/types\/page"}],"author":[{"embeddable":true,"href":"https:\/\/germancastrocaycedo.co\/portal\/wp-json\/wp\/v2\/users\/2"}],"replies":[{"embeddable":true,"href":"https:\/\/germancastrocaycedo.co\/portal\/wp-json\/wp\/v2\/comments?post=7440"}],"version-history":[{"count":35,"href":"https:\/\/germancastrocaycedo.co\/portal\/wp-json\/wp\/v2\/pages\/7440\/revisions"}],"predecessor-version":[{"id":7687,"href":"https:\/\/germancastrocaycedo.co\/portal\/wp-json\/wp\/v2\/pages\/7440\/revisions\/7687"}],"wp:attachment":[{"href":"https:\/\/germancastrocaycedo.co\/portal\/wp-json\/wp\/v2\/media?parent=7440"}],"curies":[{"name":"wp","href":"https:\/\/api.w.org\/{rel}","templated":true}]}}