{"id":7328,"date":"2026-07-19T20:22:38","date_gmt":"2026-07-20T01:22:38","guid":{"rendered":"https:\/\/germancastrocaycedo.co\/portal\/?page_id=7328"},"modified":"2026-08-30T23:48:59","modified_gmt":"2026-08-31T04:48:59","slug":"perfil-german-castro-caycedo","status":"publish","type":"page","link":"https:\/\/germancastrocaycedo.co\/portal\/perfil-german-castro-caycedo\/","title":{"rendered":"Biograf\u00eda de Germ\u00e1n Castro Caycedo"},"content":{"rendered":"\n<h1 class=\"wp-block-heading has-text-align-center has-base-3-color has-text-color has-background has-link-color wp-elements-1\" style=\"background-color:#b5502f\">El autor<\/h1>\n\n\n\n<div class=\"gb-element-85e03c06\">\n<div>\n<img loading=\"lazy\" decoding=\"async\" width=\"1400\" height=\"788\" class=\"gb-media-05d39695\" alt=\"\" title=\"Perfil Germa\u0301n\" src=\"https:\/\/germancastrocaycedo.co\/portal\/wp-content\/uploads\/2026\/07\/Perfil-Germa\u0301n-1.jpg\" srcset=\"https:\/\/germancastrocaycedo.co\/portal\/wp-content\/uploads\/2026\/07\/Perfil-Germa\u0301n-1.jpg 1400w, https:\/\/germancastrocaycedo.co\/portal\/wp-content\/uploads\/2026\/07\/Perfil-Germa\u0301n-1-300x169.jpg 300w, https:\/\/germancastrocaycedo.co\/portal\/wp-content\/uploads\/2026\/07\/Perfil-Germa\u0301n-1-1024x576.jpg 1024w, https:\/\/germancastrocaycedo.co\/portal\/wp-content\/uploads\/2026\/07\/Perfil-Germa\u0301n-1-768x432.jpg 768w\" sizes=\"auto, (max-width: 1400px) 100vw, 1400px\">\n<\/div>\n\n\n\n<div>\n<blockquote class=\"wp-block-quote is-layout-flow wp-block-quote-is-layout-flow\">\n<p class=\"wp-block-paragraph\">\u00abEn periodismo no ha habido, no hay, ni habr\u00e1 jam\u00e1s objetividad, en cuanto haya seres humanos de por medio. A quien te hable de objetividad no lo escuches. A \u00e9l lo dej\u00f3 el tren. Es que hoy existen otros par\u00e1metros, otra visi\u00f3n, otra concepci\u00f3n en torno a la realidad que se cuenta. O se intenta contar. Por ejemplo, te hablo de equilibrio y precisi\u00f3n\u00bb.<\/p>\n<\/blockquote>\n<\/div>\n<\/div>\n\n\n\n<hr class=\"wp-block-separator has-alpha-channel-opacity is-style-dots\"\/>\n\n\n\n<p class=\"wp-block-paragraph\">Germ\u00e1n Castro Caycedo naci\u00f3 en Zipaquir\u00e1, una ciudad cercana a Bogot\u00e1, en 1940.<\/p>\n\n\n\n<p class=\"wp-block-paragraph\">Fue el escritor colombiano de literatura no-ficci\u00f3n m\u00e1s le\u00eddo en su pa\u00eds. Sus libros alcanzaron tirajes que hoy sobrepasan un mill\u00f3n de libros acogidos por el p\u00fablico colombiano. La s\u00f3lida credibilidad con que goz\u00f3, sumada a la calidad literaria de su trabajo fueron claves para estas cifras.<\/p>\n\n\n\n<p class=\"wp-block-paragraph\">Sus historias cortadas de la realidad fueron tejidas con base en investigaciones minuciosas y vivencias propias en los lugares donde acontecen los hechos.<\/p>\n\n\n\n<p class=\"wp-block-paragraph\">Escribi\u00f3 utilizando la misma t\u00e9cnica de la novela en cuanto a estructura, manejo del tiempo dram\u00e1tico, equilibrio en los cl\u00edmax y todos los matices de la gran narrativa, rechazando la posibilidad crear situaciones ficticias. \u201cCuando se escribe ficci\u00f3n se juega con la imaginaci\u00f3n. Cuando se trabaja sobre la realidad, con la precisi\u00f3n. Se trata de contar de tal manera que la realidad se lea como si fuera ficci\u00f3n, lo cual es caracter\u00edstico de Colombia\u201d, dijo.&nbsp;<\/p>\n\n\n\n<p class=\"wp-block-paragraph\">En 40 a\u00f1os de ejercicio como periodista fue reconocido con doce premios nacionales de periodismo y seis internacionales. Los \u00faltimos fueron el Rodolfo Walsh que se\u00f1al\u00f3 a <em>El Karina<\/em> como el mejor libro de narrativa no-ficci\u00f3n publicado en Espa\u00f1a en 1999, y en el 2005 el Premio de Periodismo Planeta, por su libro <em>Que la muerte espere<\/em>.<\/p>\n\n\n\n<p class=\"wp-block-paragraph\">Trabaj\u00f3 diez a\u00f1os en <em>El Tiempo<\/em>, el diario m\u00e1s importante de Colombia como cronista general. Durante veinte a\u00f1os dirigi\u00f3 el exitoso programa de televisi\u00f3n <em>Enviado Especial<\/em> que introdujo el periodismo moderno en la televisi\u00f3n colombiana.<\/p>\n\n\n\n<p class=\"wp-block-paragraph\">Siendo cronista de <em>El Tiempo<\/em>, sufri\u00f3 un accidente a\u00e9reo cerca de Bogot\u00e1, saliendo ileso. Terminando la ambientaci\u00f3n de su libro <em>Candelaria<\/em> y en v\u00edsperas de viajar 520 kil\u00f3metros al norte del Circulo Polar \u00c1rtico, (Rusia), en busca de una aldea siberiana llamada&nbsp; Muisc\u00e1menni, (1999), resbal\u00f3 en el hielo y se fractur\u00f3 la base del cr\u00e1neo. Fue trasladado a la cl\u00ednica B\u00f3dkina de Mosc\u00fa. A ra\u00edz del accidente perdi\u00f3 el gusto y el olfato, pero seis meses m\u00e1s tarde logr\u00f3 visitar el Artico y redondear la historia que buscaba.<\/p>\n\n\n\n<p class=\"wp-block-paragraph\">Public\u00f3 26 libros en una prolija carrera como escritor. Algunos han sido impresos en Espa\u00f1a, Francia, Brasil, Grecia, Hungr\u00eda y Jap\u00f3n:<\/p>\n\n\n\n<div data-wp-context=\"{ &quot;autoclose&quot;: false, &quot;accordionItems&quot;: [] }\" data-wp-interactive=\"core\/accordion\" role=\"group\" class=\"wp-block-accordion is-layout-flow wp-block-accordion-is-layout-flow\">\n<div data-wp-class--is-open=\"state.isOpen\" data-wp-context=\"{ &quot;id&quot;: &quot;accordion-item-1&quot;, &quot;openByDefault&quot;: false }\" data-wp-init=\"callbacks.initAccordionItems\" data-wp-on-window--hashchange=\"callbacks.hashChange\" class=\"wp-block-accordion-item is-layout-flow wp-block-accordion-item-is-layout-flow\">\n<h3 class=\"wp-block-accordion-heading has-icon has-icon-right has-medium-font-size\"><button aria-expanded=\"false\" aria-controls=\"accordion-item-1-panel\" data-wp-bind--aria-expanded=\"state.isOpen\" data-wp-on--click=\"actions.toggle\" id=\"accordion-item-1\" type=\"button\" class=\"wp-block-accordion-heading__toggle\"><span class=\"wp-block-accordion-heading__toggle-title\"><em>Colombia Amarga<\/em><\/span><span class=\"wp-block-accordion-heading__toggle-icon\" aria-hidden=\"true\">+<\/span><\/button><\/h3>\n\n\n\n<div aria-labelledby=\"accordion-item-1\" data-wp-bind--hidden=\"state.isHidden\" data-wp-on--beforematch=\"actions.handleBeforeMatch\" id=\"accordion-item-1-panel\" role=\"region\" class=\"wp-block-accordion-panel is-layout-flow wp-block-accordion-panel-is-layout-flow\">\n<p class=\"wp-block-paragraph\">Cr\u00f3nicas en las naciones culturales que conforman al pa\u00eds, desde la pen\u00ednsula de la Guajira y luego el resto de los departamentos del Caribe, hasta el Choc\u00f3 sobre el litoral Pac\u00edfico y en la zona monta\u00f1osa que marca la Serran\u00eda del Baud\u00f3. En las llanuras de Arauca y Casanare, en la colonizaci\u00f3n de El Meta, sobre Los Andes, de Norte a Sur, en la Amazon\u00eda.<\/p>\n\n\n\n<p class=\"wp-block-paragraph\">En s\u00edntesis, el sabor que deja ese sentir a Colombia durante algo m\u00e1s de una d\u00e9cada.<\/p>\n\n\n\n<p class=\"wp-block-paragraph\">Cincuenta y cuatro ediciones a partir de 1976.<\/p>\n<\/div>\n<\/div>\n\n\n\n<div data-wp-class--is-open=\"state.isOpen\" data-wp-context=\"{ &quot;id&quot;: &quot;accordion-item-2&quot;, &quot;openByDefault&quot;: false }\" data-wp-init=\"callbacks.initAccordionItems\" data-wp-on-window--hashchange=\"callbacks.hashChange\" class=\"wp-block-accordion-item is-layout-flow wp-block-accordion-item-is-layout-flow\">\n<h3 class=\"wp-block-accordion-heading has-icon has-icon-right has-medium-font-size\"><button aria-expanded=\"false\" aria-controls=\"accordion-item-2-panel\" data-wp-bind--aria-expanded=\"state.isOpen\" data-wp-on--click=\"actions.toggle\" id=\"accordion-item-2\" type=\"button\" class=\"wp-block-accordion-heading__toggle\"><span class=\"wp-block-accordion-heading__toggle-title\"><em>Perdido en el Amazonas<\/em><\/span><span class=\"wp-block-accordion-heading__toggle-icon\" aria-hidden=\"true\">+<\/span><\/button><\/h3>\n\n\n\n<div aria-labelledby=\"accordion-item-2\" data-wp-bind--hidden=\"state.isHidden\" data-wp-on--beforematch=\"actions.handleBeforeMatch\" id=\"accordion-item-2-panel\" role=\"region\" class=\"wp-block-accordion-panel is-layout-flow wp-block-accordion-panel-is-layout-flow\">\n<p class=\"wp-block-paragraph\">Primer libro de narrativa no-ficci\u00f3n publicado en Colombia.<\/p>\n\n\n\n<p class=\"wp-block-paragraph\">Vivencias en un territorio que se extiende desde La Pedrera el punto que marca el l\u00edmite superior del Trapecio Amaz\u00f3nico, hasta Leticia. Entonces no hab\u00eda comunicaciones a\u00e9reas hasta all\u00ed y era necesario navegar desde Leticia por el R\u00edo Amazonas hasta la confluencia con el Caquet\u00e1 en el Brasil y a partir de all\u00ed buscar la Pedrera en un bote, cuando lo hubiera. Traves\u00eda de dos a tres semanas.<\/p>\n\n\n\n<p class=\"wp-block-paragraph\">Una vez all\u00ed, recorrer kil\u00f3metros y kil\u00f3metros de r\u00edos y selva en busca de los&nbsp; escenarios de la historia. En el libro no fueron cambiados nombres de personas o lugares. Conserva situaciones y fechas tal como las relataron los protagonistas o como aparecen en archivos oficiales. Es la historia del ex marinero Juli\u00e1n Gil Torres, un explorador obsesivo que luego de haber hecho contacto con una tribu entonces desconocida, desapareci\u00f3 en el coraz\u00f3n de la manigua.<\/p>\n\n\n\n<p class=\"wp-block-paragraph\"><em>Primera edici\u00f3n, 1978.<\/em><\/p>\n\n\n\n<p class=\"wp-block-paragraph\">Traducido al portugu\u00e9s.<\/p>\n<\/div>\n<\/div>\n\n\n\n<div data-wp-class--is-open=\"state.isOpen\" data-wp-context=\"{ &quot;id&quot;: &quot;accordion-item-3&quot;, &quot;openByDefault&quot;: false }\" data-wp-init=\"callbacks.initAccordionItems\" data-wp-on-window--hashchange=\"callbacks.hashChange\" class=\"wp-block-accordion-item is-layout-flow wp-block-accordion-item-is-layout-flow\">\n<h3 class=\"wp-block-accordion-heading has-icon has-icon-right has-medium-font-size\"><button aria-expanded=\"false\" aria-controls=\"accordion-item-3-panel\" data-wp-bind--aria-expanded=\"state.isOpen\" data-wp-on--click=\"actions.toggle\" id=\"accordion-item-3\" type=\"button\" class=\"wp-block-accordion-heading__toggle\"><span class=\"wp-block-accordion-heading__toggle-title\"><em>Del ELN al M-19: once a\u00f1os de lucha guerrillera<\/em><\/span><span class=\"wp-block-accordion-heading__toggle-icon\" aria-hidden=\"true\">+<\/span><\/button><\/h3>\n\n\n\n<div aria-labelledby=\"accordion-item-3\" data-wp-bind--hidden=\"state.isHidden\" data-wp-on--beforematch=\"actions.handleBeforeMatch\" id=\"accordion-item-3-panel\" role=\"region\" class=\"wp-block-accordion-panel is-layout-flow wp-block-accordion-panel-is-layout-flow\">\n<p class=\"wp-block-paragraph\">A partir de entrevistas a l\u00edderes guerrilleros como Jaime B\u00e1teman (M-19) y Jaime Arenas (ELN), Germ\u00e1n Castro Caycedo hace un recorrido por el surgimiento de los grupos subversivos que, para la d\u00e9cada de 1980, marcaron la historia de Colombia.<\/p>\n\n\n\n<p class=\"wp-block-paragraph\">Publicado en 1980.<\/p>\n<\/div>\n<\/div>\n\n\n\n<div data-wp-class--is-open=\"state.isOpen\" data-wp-context=\"{ &quot;id&quot;: &quot;accordion-item-4&quot;, &quot;openByDefault&quot;: false }\" data-wp-init=\"callbacks.initAccordionItems\" data-wp-on-window--hashchange=\"callbacks.hashChange\" class=\"wp-block-accordion-item is-layout-flow wp-block-accordion-item-is-layout-flow\">\n<h3 class=\"wp-block-accordion-heading has-icon has-icon-right has-medium-font-size\"><button aria-expanded=\"false\" aria-controls=\"accordion-item-4-panel\" data-wp-bind--aria-expanded=\"state.isOpen\" data-wp-on--click=\"actions.toggle\" id=\"accordion-item-4\" type=\"button\" class=\"wp-block-accordion-heading__toggle\"><span class=\"wp-block-accordion-heading__toggle-title\"><em>Mi alma se la dejo al diablo<\/em><\/span><span class=\"wp-block-accordion-heading__toggle-icon\" aria-hidden=\"true\">+<\/span><\/button><\/h3>\n\n\n\n<div aria-labelledby=\"accordion-item-4\" data-wp-bind--hidden=\"state.isHidden\" data-wp-on--beforematch=\"actions.handleBeforeMatch\" id=\"accordion-item-4-panel\" role=\"region\" class=\"wp-block-accordion-panel is-layout-flow wp-block-accordion-panel-is-layout-flow\">\n<p class=\"wp-block-paragraph\">Segundo libro de narrativa no-ficci\u00f3n publicado en Colombia.<\/p>\n\n\n\n<p class=\"wp-block-paragraph\">En las primeras p\u00e1ginas se incluye un aparte del facs\u00edmil del testamento&nbsp; de un hombre que muri\u00f3 abandonado en las selvas de El Yar\u00ed, que da lugar al t\u00edtulo del relato.<\/p>\n\n\n\n<p class=\"wp-block-paragraph\">El origen de la historia surgi\u00f3 de una breve nota publicada en un diario de Cali y comenz\u00f3 a tomar forma m\u00e1s tarde en la zona selv\u00e1tica de Araracuara, al Sur de Colombia, donde ocasionalmente surgi\u00f3 un lanchero que hab\u00eda hallado el esqueleto del muerto en una caba\u00f1a de de trocos en la ribera del r\u00edo Yar\u00ed.<\/p>\n\n\n\n<p class=\"wp-block-paragraph\">El hallazgo ocurri\u00f3 cuando el lanchero buscaba alg\u00fan punto habitado en aquellas inmensidades, pues se hab\u00eda extraviado en aquella soledad.<\/p>\n\n\n\n<p class=\"wp-block-paragraph\">A partir de all\u00ed busqu\u00e9 y localic\u00e9 a los personajes de la historia, y un a\u00f1o despu\u00e9s, cuando cre\u00ed que la conoc\u00eda, busqu\u00e9 a quienes lo hab\u00edan abandonado y finalmente logr\u00e9 llegar en un avi\u00f3n anfibio hasta el punto donde a\u00fan se encontraba el esqueleto de Benjam\u00edn Cubillos. As\u00ed se llamaba el muerto.<\/p>\n\n\n\n<p class=\"wp-block-paragraph\"><em>Primera edici\u00f3n: 1982.<\/em><\/p>\n\n\n\n<h4 class=\"wp-block-heading\"><\/h4>\n<\/div>\n<\/div>\n\n\n\n<div data-wp-class--is-open=\"state.isOpen\" data-wp-context=\"{ &quot;id&quot;: &quot;accordion-item-5&quot;, &quot;openByDefault&quot;: false }\" data-wp-init=\"callbacks.initAccordionItems\" data-wp-on-window--hashchange=\"callbacks.hashChange\" class=\"wp-block-accordion-item is-layout-flow wp-block-accordion-item-is-layout-flow\">\n<h3 class=\"wp-block-accordion-heading has-icon has-icon-right has-medium-font-size\"><button aria-expanded=\"false\" aria-controls=\"accordion-item-5-panel\" data-wp-bind--aria-expanded=\"state.isOpen\" data-wp-on--click=\"actions.toggle\" id=\"accordion-item-5\" type=\"button\" class=\"wp-block-accordion-heading__toggle\"><span class=\"wp-block-accordion-heading__toggle-title\"><em>El Karina<\/em><\/span><span class=\"wp-block-accordion-heading__toggle-icon\" aria-hidden=\"true\">+<\/span><\/button><\/h3>\n\n\n\n<div aria-labelledby=\"accordion-item-5\" data-wp-bind--hidden=\"state.isHidden\" data-wp-on--beforematch=\"actions.handleBeforeMatch\" id=\"accordion-item-5-panel\" role=\"region\" class=\"wp-block-accordion-panel is-layout-flow wp-block-accordion-panel-is-layout-flow\">\n<p class=\"wp-block-paragraph\">Cuarto libro de narrativa no-ficci\u00f3n publicado en Colombia.&nbsp;<\/p>\n\n\n\n<p class=\"wp-block-paragraph\">La historia apareci\u00f3 se\u00f1alada en&nbsp; titulares de prensa: \u201cLa Armada Nacional&nbsp; hundi\u00f3 un buque cargado con armas para la guerrilla del M19\u201d. Sin embargo no se suministraba mayor informaci\u00f3n. Varios meses despu\u00e9s publicaron que tres guerrilleros detenidos hab\u00edan quedado en libertad. Ahora el camino estaba claro: buscar a los jefes del M19.<\/p>\n\n\n\n<p class=\"wp-block-paragraph\">Ellos autorizaron a su gente a contar la historia. Primero fue al hombre que compr\u00f3 el buque en Hamburgo. En el puerto alem\u00e1n hall\u00e9 al intermediario que lo escogi\u00f3, y en Berl\u00edn a quien suministr\u00f3 municiones para mil fusiles. Luego segu\u00ed sus pasos en Panam\u00e1, en la Guajira, en la selva amaz\u00f3nica, en el Pac\u00edfico colombiano.<\/p>\n\n\n\n<p class=\"wp-block-paragraph\"><em>Primera edici\u00f3n, 1985.<\/em><\/p>\n<\/div>\n<\/div>\n\n\n\n<div data-wp-class--is-open=\"state.isOpen\" data-wp-context=\"{ &quot;id&quot;: &quot;accordion-item-6&quot;, &quot;openByDefault&quot;: false }\" data-wp-init=\"callbacks.initAccordionItems\" data-wp-on-window--hashchange=\"callbacks.hashChange\" class=\"wp-block-accordion-item is-layout-flow wp-block-accordion-item-is-layout-flow\">\n<h3 class=\"wp-block-accordion-heading has-icon has-icon-right has-medium-font-size\"><button aria-expanded=\"false\" aria-controls=\"accordion-item-6-panel\" data-wp-bind--aria-expanded=\"state.isOpen\" data-wp-on--click=\"actions.toggle\" id=\"accordion-item-6\" type=\"button\" class=\"wp-block-accordion-heading__toggle\"><span class=\"wp-block-accordion-heading__toggle-title\"><em>El Hueco<\/em><\/span><span class=\"wp-block-accordion-heading__toggle-icon\" aria-hidden=\"true\">+<\/span><\/button><\/h3>\n\n\n\n<div aria-labelledby=\"accordion-item-6\" data-wp-bind--hidden=\"state.isHidden\" data-wp-on--beforematch=\"actions.handleBeforeMatch\" id=\"accordion-item-6-panel\" role=\"region\" class=\"wp-block-accordion-panel is-layout-flow wp-block-accordion-panel-is-layout-flow\">\n<p class=\"wp-block-paragraph\">\u00c9xodo de colombianos hacia Estados Unidos a trav\u00e9s de Centroam\u00e9rica. Los personajes y sus historias fueron localizados en el barrio Queens de Nueva York y en Laredo. Luego en Nuevo Laredo, Reynosa y Matamoros, M\u00e9xico.<\/p>\n\n\n\n<p class=\"wp-block-paragraph\">Su extracci\u00f3n social y los motivos que los impulsaron a abandonar su pa\u00eds en seis ciudades colombianas. En s\u00edntesis, el libro muestra a un pueblo con enorme capacidad de sufrimiento, pero a la vez, lleno de imaginaci\u00f3n.<\/p>\n\n\n\n<p class=\"wp-block-paragraph\"><em>Primera de ocho ediciones, 1989.<\/em><\/p>\n<\/div>\n<\/div>\n\n\n\n<div data-wp-class--is-open=\"state.isOpen\" data-wp-context=\"{ &quot;id&quot;: &quot;accordion-item-7&quot;, &quot;openByDefault&quot;: false }\" data-wp-init=\"callbacks.initAccordionItems\" data-wp-on-window--hashchange=\"callbacks.hashChange\" class=\"wp-block-accordion-item is-layout-flow wp-block-accordion-item-is-layout-flow\">\n<h3 class=\"wp-block-accordion-heading has-icon has-icon-right has-medium-font-size\"><button aria-expanded=\"false\" aria-controls=\"accordion-item-7-panel\" data-wp-bind--aria-expanded=\"state.isOpen\" data-wp-on--click=\"actions.toggle\" id=\"accordion-item-7\" type=\"button\" class=\"wp-block-accordion-heading__toggle\"><span class=\"wp-block-accordion-heading__toggle-title\"><em>El Cachalandr\u00e1n Amarillo<\/em><\/span><span class=\"wp-block-accordion-heading__toggle-icon\" aria-hidden=\"true\">+<\/span><\/button><\/h3>\n\n\n\n<div aria-labelledby=\"accordion-item-7\" data-wp-bind--hidden=\"state.isHidden\" data-wp-on--beforematch=\"actions.handleBeforeMatch\" id=\"accordion-item-7-panel\" role=\"region\" class=\"wp-block-accordion-panel is-layout-flow wp-block-accordion-panel-is-layout-flow\">\n<p class=\"wp-block-paragraph\">Leyendas populares colombianas a trav\u00e9s de las cuales surgen culturas y nacionalidades ignoradas. El libro recoge la manera como cuenta nuestra gente cuando comprende qu\u00e9 es el encantamiento.&nbsp;&nbsp;<\/p>\n\n\n\n<p class=\"wp-block-paragraph\"><em>Primera edici\u00f3n, octubre de 1989.<\/em><\/p>\n<\/div>\n<\/div>\n\n\n\n<div data-wp-class--is-open=\"state.isOpen\" data-wp-context=\"{ &quot;id&quot;: &quot;accordion-item-8&quot;, &quot;openByDefault&quot;: false }\" data-wp-init=\"callbacks.initAccordionItems\" data-wp-on-window--hashchange=\"callbacks.hashChange\" class=\"wp-block-accordion-item is-layout-flow wp-block-accordion-item-is-layout-flow\">\n<h3 class=\"wp-block-accordion-heading has-icon has-icon-right has-medium-font-size\"><button aria-expanded=\"false\" aria-controls=\"accordion-item-8-panel\" data-wp-bind--aria-expanded=\"state.isOpen\" data-wp-on--click=\"actions.toggle\" id=\"accordion-item-8\" type=\"button\" class=\"wp-block-accordion-heading__toggle\"><span class=\"wp-block-accordion-heading__toggle-title\"><em>El Hurak\u00e1n<\/em><\/span><span class=\"wp-block-accordion-heading__toggle-icon\" aria-hidden=\"true\">+<\/span><\/button><\/h3>\n\n\n\n<div aria-labelledby=\"accordion-item-8\" data-wp-bind--hidden=\"state.isHidden\" data-wp-on--beforematch=\"actions.handleBeforeMatch\" id=\"accordion-item-8-panel\" role=\"region\" class=\"wp-block-accordion-panel is-layout-flow wp-block-accordion-panel-is-layout-flow\">\n<p class=\"wp-block-paragraph\">Visi\u00f3n de los vencidos, escrita desde la piel del indio.&nbsp;<\/p>\n\n\n\n<p class=\"wp-block-paragraph\">El salvajismo de la invasi\u00f3n de Am\u00e9rica en buques tripulados por delincuentes con autorizaci\u00f3n del&nbsp; Rey de Espa\u00f1a y embarcados en las carabelas que cruzaban nuestros mares.<\/p>\n\n\n\n<p class=\"wp-block-paragraph\">Saqueo, muerte y violaci\u00f3n de seres seg\u00fan versiones del mismo Cristobal Col\u00f3n del pirata Francis Drake y sus amigos de <em>El Cartel de Londres<\/em>. Con los mismos fines navegaban los enviados del Cardenal Richelieu, miembros de <em>El Cartel de Par\u00eds,<\/em> que como precursores del terrorismo en esta Am\u00e9rica, utilizaron <em>brulotes<\/em>, o sea buques bomba. Su Santidad Alejandro II, padre de C\u00e9sar Borgia y de Lucrecia, participaba \u201cen el nombre de Dios\u201d.<\/p>\n\n\n\n<p class=\"wp-block-paragraph\"><em>Primera edici\u00f3n, 1991<\/em>.<\/p>\n<\/div>\n<\/div>\n\n\n\n<div data-wp-class--is-open=\"state.isOpen\" data-wp-context=\"{ &quot;id&quot;: &quot;accordion-item-9&quot;, &quot;openByDefault&quot;: false }\" data-wp-init=\"callbacks.initAccordionItems\" data-wp-on-window--hashchange=\"callbacks.hashChange\" class=\"wp-block-accordion-item is-layout-flow wp-block-accordion-item-is-layout-flow\">\n<h3 class=\"wp-block-accordion-heading has-icon has-icon-right has-medium-font-size\"><button aria-expanded=\"false\" aria-controls=\"accordion-item-9-panel\" data-wp-bind--aria-expanded=\"state.isOpen\" data-wp-on--click=\"actions.toggle\" id=\"accordion-item-9\" type=\"button\" class=\"wp-block-accordion-heading__toggle\"><span class=\"wp-block-accordion-heading__toggle-title\">La Bruja<\/span><span class=\"wp-block-accordion-heading__toggle-icon\" aria-hidden=\"true\">+<\/span><\/button><\/h3>\n\n\n\n<div aria-labelledby=\"accordion-item-9\" data-wp-bind--hidden=\"state.isHidden\" data-wp-on--beforematch=\"actions.handleBeforeMatch\" id=\"accordion-item-9-panel\" role=\"region\" class=\"wp-block-accordion-panel is-layout-flow wp-block-accordion-panel-is-layout-flow\">\n<p class=\"wp-block-paragraph\">Historia con perfiles pol\u00edticos en la cual los personajes centrales son el presidente de la Rep\u00fablica y un narcotraficante, apoyados en la verborrea de la misma&nbsp; hechicera: uno buscaba que una mujer diferente a su esposa se fuera con \u00e9l, y el segundo que le ayudara a elegir los caminos de sus delitos.<\/p>\n\n\n\n<p class=\"wp-block-paragraph\">El primero lo logr\u00f3. El segundo muri\u00f3 siendo torturado por la polic\u00eda mexicana.<\/p>\n\n\n\n<p class=\"wp-block-paragraph\">Veinte ediciones.&nbsp;<\/p>\n\n\n\n<p class=\"wp-block-paragraph\"><em>Primera en 1994.<\/em><\/p>\n<\/div>\n<\/div>\n\n\n\n<div data-wp-class--is-open=\"state.isOpen\" data-wp-context=\"{ &quot;id&quot;: &quot;accordion-item-10&quot;, &quot;openByDefault&quot;: false }\" data-wp-init=\"callbacks.initAccordionItems\" data-wp-on-window--hashchange=\"callbacks.hashChange\" class=\"wp-block-accordion-item is-layout-flow wp-block-accordion-item-is-layout-flow\">\n<h3 class=\"wp-block-accordion-heading has-icon has-icon-right has-medium-font-size\"><button aria-expanded=\"false\" aria-controls=\"accordion-item-10-panel\" data-wp-bind--aria-expanded=\"state.isOpen\" data-wp-on--click=\"actions.toggle\" id=\"accordion-item-10\" type=\"button\" class=\"wp-block-accordion-heading__toggle\"><span class=\"wp-block-accordion-heading__toggle-title\"><em>En Secreto<\/em><\/span><span class=\"wp-block-accordion-heading__toggle-icon\" aria-hidden=\"true\">+<\/span><\/button><\/h3>\n\n\n\n<div aria-labelledby=\"accordion-item-10\" data-wp-bind--hidden=\"state.isHidden\" data-wp-on--beforematch=\"actions.handleBeforeMatch\" id=\"accordion-item-10-panel\" role=\"region\" class=\"wp-block-accordion-panel is-layout-flow wp-block-accordion-panel-is-layout-flow\">\n<p class=\"wp-block-paragraph\">Cuatro entrevistas que reflejan tres d\u00e9cadas en el conflicto colombiano: Jaime Arenas, ex guerrillero del Ej\u00e9rcito de Liberaci\u00f3n Nacional que logr\u00f3 huir cuando lo iban a fusilar. Jaime Bateman, fundador del M19. Carlos Casta\u00f1o, jefe de los las bandas de paramilitares conformadas por militares y bandidos, enemigos de la guerrilla, y finalmente Pablo Escobar.<\/p>\n\n\n\n<p class=\"wp-block-paragraph\"><em>Primera edici\u00f3n, 1996.<\/em><\/p>\n<\/div>\n<\/div>\n\n\n\n<div data-wp-class--is-open=\"state.isOpen\" data-wp-context=\"{ &quot;id&quot;: &quot;accordion-item-11&quot;, &quot;openByDefault&quot;: false }\" data-wp-init=\"callbacks.initAccordionItems\" data-wp-on-window--hashchange=\"callbacks.hashChange\" class=\"wp-block-accordion-item is-layout-flow wp-block-accordion-item-is-layout-flow\">\n<h3 class=\"wp-block-accordion-heading has-icon has-icon-right has-medium-font-size\"><button aria-expanded=\"false\" aria-controls=\"accordion-item-11-panel\" data-wp-bind--aria-expanded=\"state.isOpen\" data-wp-on--click=\"actions.toggle\" id=\"accordion-item-11\" type=\"button\" class=\"wp-block-accordion-heading__toggle\"><span class=\"wp-block-accordion-heading__toggle-title\"><em>El Alcarav\u00e1n<\/em><\/span><span class=\"wp-block-accordion-heading__toggle-icon\" aria-hidden=\"true\">+<\/span><\/button><\/h3>\n\n\n\n<div aria-labelledby=\"accordion-item-11\" data-wp-bind--hidden=\"state.isHidden\" data-wp-on--beforematch=\"actions.handleBeforeMatch\" id=\"accordion-item-11-panel\" role=\"region\" class=\"wp-block-accordion-panel is-layout-flow wp-block-accordion-panel-is-layout-flow\">\n<p class=\"wp-block-paragraph\">Historias de La Orinoquia, la gran pampa colombiana, y de la Amazon\u00eda, a trav\u00e9s de aviones Douglas DC3 construidos en 1940, que en el Siglo Veintiuno a\u00fan vuelan sobre esas regiones, gracias a la intrepidez de los pilotos y la enorme capacidad de generaciones de mec\u00e1nicos que llegan hasta fabricar en peque\u00f1os talleres las partes que deben ser reemplazadas por causa del desgaste de los aviones.<\/p>\n\n\n\n<p class=\"wp-block-paragraph\">El nombre del libro hace alusi\u00f3n a un p\u00e1jaro local que seg\u00fan ornit\u00f3logos, vuelan a pesar de su configuraci\u00f3n f\u00edsica.<\/p>\n\n\n\n<p class=\"wp-block-paragraph\">Para la cr\u00edtica local fue uno de los relatos tropicales m\u00e1s bellos de la \u00faltima d\u00e9cada en Colombia.<\/p>\n\n\n\n<p class=\"wp-block-paragraph\"><em>Primera edici\u00f3n, noviembre de 1996.<\/em><\/p>\n<\/div>\n<\/div>\n\n\n\n<div data-wp-class--is-open=\"state.isOpen\" data-wp-context=\"{ &quot;id&quot;: &quot;accordion-item-12&quot;, &quot;openByDefault&quot;: false }\" data-wp-init=\"callbacks.initAccordionItems\" data-wp-on-window--hashchange=\"callbacks.hashChange\" class=\"wp-block-accordion-item is-layout-flow wp-block-accordion-item-is-layout-flow\">\n<h3 class=\"wp-block-accordion-heading has-icon has-icon-right has-medium-font-size\"><button aria-expanded=\"false\" aria-controls=\"accordion-item-12-panel\" data-wp-bind--aria-expanded=\"state.isOpen\" data-wp-on--click=\"actions.toggle\" id=\"accordion-item-12\" type=\"button\" class=\"wp-block-accordion-heading__toggle\"><span class=\"wp-block-accordion-heading__toggle-title\"><em>La Muerte de Giaccomo Turra<\/em><\/span><span class=\"wp-block-accordion-heading__toggle-icon\" aria-hidden=\"true\">+<\/span><\/button><\/h3>\n\n\n\n<div aria-labelledby=\"accordion-item-12\" data-wp-bind--hidden=\"state.isHidden\" data-wp-on--beforematch=\"actions.handleBeforeMatch\" id=\"accordion-item-12-panel\" role=\"region\" class=\"wp-block-accordion-panel is-layout-flow wp-block-accordion-panel-is-layout-flow\">\n<p class=\"wp-block-paragraph\">La historia de un joven que tras fracasar en su relaci\u00f3n con Francesca Zanotto, emigr\u00f3 a Colombia en compa\u00f1\u00eda de Giorgio Sampieri, su nuevo compa\u00f1ero, pero tras una discusi\u00f3n se separaron y Giaccomo muri\u00f3 una noche en las calles de Cartagena de Indias.<\/p>\n\n\n\n<p class=\"wp-block-paragraph\">Inicialmente el embajador de Italia y su propio padre culparon de la muerte a la polic\u00eda colombiana, pero tras una investigaci\u00f3n en Padua y Venecia y posteriormente en Cartagena, pude establecer que los polic\u00edas no fueron los culpables de su muerte. Lo cierto era que, decepcionado y bajo los efectos de las drogas, \u00e9l se hab\u00eda quitado la vida azot\u00e1ndose contra los muros.<\/p>\n\n\n\n<p class=\"wp-block-paragraph\">El asunto lleg\u00f3 a tomar los perfiles de un esc\u00e1ndalo internacional.&nbsp;<\/p>\n\n\n\n<p class=\"wp-block-paragraph\"><em>Primera edici\u00f3n, noviembre de 1997.<\/em><\/p>\n<\/div>\n<\/div>\n\n\n\n<div data-wp-class--is-open=\"state.isOpen\" data-wp-context=\"{ &quot;id&quot;: &quot;accordion-item-13&quot;, &quot;openByDefault&quot;: false }\" data-wp-init=\"callbacks.initAccordionItems\" data-wp-on-window--hashchange=\"callbacks.hashChange\" class=\"wp-block-accordion-item is-layout-flow wp-block-accordion-item-is-layout-flow\">\n<h3 class=\"wp-block-accordion-heading has-icon has-icon-right has-medium-font-size\"><button aria-expanded=\"false\" aria-controls=\"accordion-item-13-panel\" data-wp-bind--aria-expanded=\"state.isOpen\" data-wp-on--click=\"actions.toggle\" id=\"accordion-item-13\" type=\"button\" class=\"wp-block-accordion-heading__toggle\"><span class=\"wp-block-accordion-heading__toggle-title\"><em>H\u00e1gase tu voluntad<\/em><\/span><span class=\"wp-block-accordion-heading__toggle-icon\" aria-hidden=\"true\">+<\/span><\/button><\/h3>\n\n\n\n<div aria-labelledby=\"accordion-item-13\" data-wp-bind--hidden=\"state.isHidden\" data-wp-on--beforematch=\"actions.handleBeforeMatch\" id=\"accordion-item-13-panel\" role=\"region\" class=\"wp-block-accordion-panel is-layout-flow wp-block-accordion-panel-is-layout-flow\">\n<p class=\"wp-block-paragraph\">&#8216;<strong>La noche de las lanzas<\/strong>&#8216; en Espa\u00f1a.<\/p>\n\n\n\n<p class=\"wp-block-paragraph\">La historia transcurre en la selva amaz\u00f3nica ecuatoriana, naci\u00f3n de los indios Huao. Los personajes centrales son aquellos abor\u00edgenes que desde hace un siglo defienden su libertad, su cultura y su territorio, y ante un sector de aquella tribu, el obispo vasco Alejandro Labaka Ugarte y la monja colombiana In\u00e9s Arango.<\/p>\n\n\n\n<p class=\"wp-block-paragraph\">Como misionero, el obispo sab\u00eda que la presencia de una pareja, hombre y mujer no representar\u00eda peligro, de manera que logr\u00f3 acerc\u00e1rseles desnudo como estaban ellos. La hermana In\u00e9s Arango se present\u00f3 descalza y con la cabeza descubierta.<\/p>\n\n\n\n<p class=\"wp-block-paragraph\">Tiempo despu\u00e9s se supo que una empresa petrolera enviar\u00eda mercenarios armados para penetrar el territorio ocupado por una fracci\u00f3n de la tribu con la cual la pareja no hab\u00eda tenido contacto, y pensando en protegerla ingresaron all\u00ed. En su defensa, los ind\u00edgenas los atacaron y les dieron muerte con sus lanzas.&nbsp;<\/p>\n\n\n\n<p class=\"wp-block-paragraph\">Para explicarse el fen\u00f3meno, el autor se mete dentro de la piel del indio y encuentra que, no obstante, los salvajes han sido siempre los blancos. Los escenarios son la Amazon\u00eda y el Pa\u00eds Vasco.<\/p>\n\n\n\n<p class=\"wp-block-paragraph\"><em>Primera edici\u00f3n, 1998<\/em>.<\/p>\n<\/div>\n<\/div>\n\n\n\n<div data-wp-class--is-open=\"state.isOpen\" data-wp-context=\"{ &quot;id&quot;: &quot;accordion-item-14&quot;, &quot;openByDefault&quot;: false }\" data-wp-init=\"callbacks.initAccordionItems\" data-wp-on-window--hashchange=\"callbacks.hashChange\" class=\"wp-block-accordion-item is-layout-flow wp-block-accordion-item-is-layout-flow\">\n<h3 class=\"wp-block-accordion-heading has-icon has-icon-right has-medium-font-size\"><button aria-expanded=\"false\" aria-controls=\"accordion-item-14-panel\" data-wp-bind--aria-expanded=\"state.isOpen\" data-wp-on--click=\"actions.toggle\" id=\"accordion-item-14\" type=\"button\" class=\"wp-block-accordion-heading__toggle\"><span class=\"wp-block-accordion-heading__toggle-title\"><em>Colombia X<\/em><\/span><span class=\"wp-block-accordion-heading__toggle-icon\" aria-hidden=\"true\">+<\/span><\/button><\/h3>\n\n\n\n<div aria-labelledby=\"accordion-item-14\" data-wp-bind--hidden=\"state.isHidden\" data-wp-on--beforematch=\"actions.handleBeforeMatch\" id=\"accordion-item-14-panel\" role=\"region\" class=\"wp-block-accordion-panel is-layout-flow wp-block-accordion-panel-is-layout-flow\">\n<p class=\"wp-block-paragraph\">La mentalidad y el estilo de vida de los j\u00f3venes en el comienzo del \u00faltimo&nbsp; milenio en todos los \u201cestratos\u201d, seg\u00fan los cuales el Estado cataloga a su sociedad.<\/p>\n\n\n\n<p class=\"wp-block-paragraph\"><em>Cinco ediciones a partir de 1999.<\/em><\/p>\n<\/div>\n<\/div>\n\n\n\n<div data-wp-class--is-open=\"state.isOpen\" data-wp-context=\"{ &quot;id&quot;: &quot;accordion-item-15&quot;, &quot;openByDefault&quot;: false }\" data-wp-init=\"callbacks.initAccordionItems\" data-wp-on-window--hashchange=\"callbacks.hashChange\" class=\"wp-block-accordion-item is-layout-flow wp-block-accordion-item-is-layout-flow\">\n<h3 class=\"wp-block-accordion-heading has-icon has-icon-right has-medium-font-size\"><button aria-expanded=\"false\" aria-controls=\"accordion-item-15-panel\" data-wp-bind--aria-expanded=\"state.isOpen\" data-wp-on--click=\"actions.toggle\" id=\"accordion-item-15\" type=\"button\" class=\"wp-block-accordion-heading__toggle\"><span class=\"wp-block-accordion-heading__toggle-title\"><em>Candelaria<\/em><\/span><span class=\"wp-block-accordion-heading__toggle-icon\" aria-hidden=\"true\">+<\/span><\/button><\/h3>\n\n\n\n<div aria-labelledby=\"accordion-item-15\" data-wp-bind--hidden=\"state.isHidden\" data-wp-on--beforematch=\"actions.handleBeforeMatch\" id=\"accordion-item-15-panel\" role=\"region\" class=\"wp-block-accordion-panel is-layout-flow wp-block-accordion-panel-is-layout-flow\">\n<p class=\"wp-block-paragraph\">Una visi\u00f3n de la coca\u00edna en el mundo: laboratorios clandestinos de producci\u00f3n en Argentina y en las selvas del Brasil. En Holanda. En el Per\u00fa, Ecuador, Espa\u00f1a, M\u00e9xico, Colombia, el \u00c1rtico, el Mediterr\u00e1neo. De Alaska a Panam\u00e1.<\/p>\n\n\n\n<p class=\"wp-block-paragraph\">Estados Unidos es el mayor consumidor del mundo desde mediados del siglo XX, cuando la conocieron en Berl\u00edn, a ra\u00edz del desembarco en Normand\u00eda (Segunda guerra mundial). Los grandes laboratorios farmac\u00e9uticos germanos la produc\u00edan a partir de la pasta que llevaban del Per\u00fa.<\/p>\n<\/div>\n<\/div>\n\n\n\n<div data-wp-class--is-open=\"state.isOpen\" data-wp-context=\"{ &quot;id&quot;: &quot;accordion-item-16&quot;, &quot;openByDefault&quot;: false }\" data-wp-init=\"callbacks.initAccordionItems\" data-wp-on-window--hashchange=\"callbacks.hashChange\" class=\"wp-block-accordion-item is-layout-flow wp-block-accordion-item-is-layout-flow\">\n<h3 class=\"wp-block-accordion-heading has-icon has-icon-right has-medium-font-size\"><button aria-expanded=\"false\" aria-controls=\"accordion-item-16-panel\" data-wp-bind--aria-expanded=\"state.isOpen\" data-wp-on--click=\"actions.toggle\" id=\"accordion-item-16\" type=\"button\" class=\"wp-block-accordion-heading__toggle\"><span class=\"wp-block-accordion-heading__toggle-title\"><em>Con las manos en Alto<\/em><\/span><span class=\"wp-block-accordion-heading__toggle-icon\" aria-hidden=\"true\">+<\/span><\/button><\/h3>\n\n\n\n<div aria-labelledby=\"accordion-item-16\" data-wp-bind--hidden=\"state.isHidden\" data-wp-on--beforematch=\"actions.handleBeforeMatch\" id=\"accordion-item-16-panel\" role=\"region\" class=\"wp-block-accordion-panel is-layout-flow wp-block-accordion-panel-is-layout-flow\">\n<p class=\"wp-block-paragraph\">La guerra en Colombia, con base en el atropello de todos los agentes que intervienen en ella, y un registro especial de la geopol\u00edtica de un conflicto, en el cual la lucha contra la coca\u00edna parece un pretexto para tomar posesi\u00f3n de la Amazon\u00eda, una esponja de seis millones de kil\u00f3metros cuadrados, mientras el mundo afronta una grave crisis de agua dulce.<\/p>\n\n\n\n<p class=\"wp-block-paragraph\"><em>Primera edici\u00f3n, septiembre 2001.<\/em><\/p>\n<\/div>\n<\/div>\n\n\n\n<div data-wp-class--is-open=\"state.isOpen\" data-wp-context=\"{ &quot;id&quot;: &quot;accordion-item-17&quot;, &quot;openByDefault&quot;: false }\" data-wp-init=\"callbacks.initAccordionItems\" data-wp-on-window--hashchange=\"callbacks.hashChange\" class=\"wp-block-accordion-item is-layout-flow wp-block-accordion-item-is-layout-flow\">\n<h3 class=\"wp-block-accordion-heading has-icon has-icon-right has-medium-font-size\"><button aria-expanded=\"false\" aria-controls=\"accordion-item-17-panel\" data-wp-bind--aria-expanded=\"state.isOpen\" data-wp-on--click=\"actions.toggle\" id=\"accordion-item-17\" type=\"button\" class=\"wp-block-accordion-heading__toggle\"><span class=\"wp-block-accordion-heading__toggle-title\"><em>Sin Tregua<\/em><\/span><span class=\"wp-block-accordion-heading__toggle-icon\" aria-hidden=\"true\">+<\/span><\/button><\/h3>\n\n\n\n<div aria-labelledby=\"accordion-item-17\" data-wp-bind--hidden=\"state.isHidden\" data-wp-on--beforematch=\"actions.handleBeforeMatch\" id=\"accordion-item-17-panel\" role=\"region\" class=\"wp-block-accordion-panel is-layout-flow wp-block-accordion-panel-is-layout-flow\">\n<p class=\"wp-block-paragraph\">El despojo del Estado por parte de la guerrilla, sus enemigos los paramilitares y las altas c\u00fapulas del gobierno. Como contraste, el empobrecimiento de una poblaci\u00f3n que pierde sus viviendas en manos de un sistema financiero perverso, y para tratar de salvarlas huye al exterior en busca de oportunidades.<\/p>\n\n\n\n<p class=\"wp-block-paragraph\"><em>Noviembre 2003.<\/em><\/p>\n<\/div>\n<\/div>\n\n\n\n<div data-wp-class--is-open=\"state.isOpen\" data-wp-context=\"{ &quot;id&quot;: &quot;accordion-item-18&quot;, &quot;openByDefault&quot;: false }\" data-wp-init=\"callbacks.initAccordionItems\" data-wp-on-window--hashchange=\"callbacks.hashChange\" class=\"wp-block-accordion-item is-layout-flow wp-block-accordion-item-is-layout-flow\">\n<h3 class=\"wp-block-accordion-heading has-icon has-icon-right has-medium-font-size\"><button aria-expanded=\"false\" aria-controls=\"accordion-item-18-panel\" data-wp-bind--aria-expanded=\"state.isOpen\" data-wp-on--click=\"actions.toggle\" id=\"accordion-item-18\" type=\"button\" class=\"wp-block-accordion-heading__toggle\"><span class=\"wp-block-accordion-heading__toggle-title\"><em>M\u00e1s all\u00e1 de la noche<\/em><\/span><span class=\"wp-block-accordion-heading__toggle-icon\" aria-hidden=\"true\">+<\/span><\/button><\/h3>\n\n\n\n<div aria-labelledby=\"accordion-item-18\" data-wp-bind--hidden=\"state.isHidden\" data-wp-on--beforematch=\"actions.handleBeforeMatch\" id=\"accordion-item-18-panel\" role=\"region\" class=\"wp-block-accordion-panel is-layout-flow wp-block-accordion-panel-is-layout-flow\">\n<p class=\"wp-block-paragraph\">Una guerrillera se enamora de su enemigo, un soldado. \u00c9l est\u00e1 sediento, ella le da de beber y terminan enamor\u00e1ndose. Una mezcla de violencia y ternura como es Colombia, en la cual la determinaci\u00f3n de la chica frente al estudio parece demostrar c\u00f3mo con educaci\u00f3n se lograr\u00e1 la paz.<\/p>\n\n\n\n<p class=\"wp-block-paragraph\"><em>Marzo 2004.<\/em><\/p>\n<\/div>\n<\/div>\n\n\n\n<div data-wp-class--is-open=\"state.isOpen\" data-wp-context=\"{ &quot;id&quot;: &quot;accordion-item-19&quot;, &quot;openByDefault&quot;: false }\" data-wp-init=\"callbacks.initAccordionItems\" data-wp-on-window--hashchange=\"callbacks.hashChange\" class=\"wp-block-accordion-item is-layout-flow wp-block-accordion-item-is-layout-flow\">\n<h3 class=\"wp-block-accordion-heading has-icon has-icon-right has-medium-font-size\"><button aria-expanded=\"false\" aria-controls=\"accordion-item-19-panel\" data-wp-bind--aria-expanded=\"state.isOpen\" data-wp-on--click=\"actions.toggle\" id=\"accordion-item-19\" type=\"button\" class=\"wp-block-accordion-heading__toggle\"><span class=\"wp-block-accordion-heading__toggle-title\"><em>Que la muerte espere<\/em><\/span><span class=\"wp-block-accordion-heading__toggle-icon\" aria-hidden=\"true\">+<\/span><\/button><\/h3>\n\n\n\n<div aria-labelledby=\"accordion-item-19\" data-wp-bind--hidden=\"state.isHidden\" data-wp-on--beforematch=\"actions.handleBeforeMatch\" id=\"accordion-item-19-panel\" role=\"region\" class=\"wp-block-accordion-panel is-layout-flow wp-block-accordion-panel-is-layout-flow\">\n<p class=\"wp-block-paragraph\">Historias dis\u00edmiles de la realidad colombiana contadas en tonos diferentes y en las cuales siempre est\u00e1 de por medio la vida:&nbsp;<\/p>\n\n\n\n<p class=\"wp-block-paragraph\">Cinco j\u00f3venes quedan atrapados diecisiete d\u00edas en una caverna, pero sobreviven; un desterrado que huye a la Amazonia  ecuatoriana y se refugia en casa de un sabio cham\u00e1n ind\u00edgena; una antrop\u00f3loga joven se pierde en la niebla de las cimas de Los Andes y lograr escapar de la muerte; una mujer es fusilada\u2026 pero sobrevivi\u00f3.&nbsp;<\/p>\n\n\n\n<p class=\"wp-block-paragraph\"><em>Octubre 2005.<\/em><\/p>\n<\/div>\n<\/div>\n\n\n\n<div data-wp-class--is-open=\"state.isOpen\" data-wp-context=\"{ &quot;id&quot;: &quot;accordion-item-20&quot;, &quot;openByDefault&quot;: false }\" data-wp-init=\"callbacks.initAccordionItems\" data-wp-on-window--hashchange=\"callbacks.hashChange\" class=\"wp-block-accordion-item is-layout-flow wp-block-accordion-item-is-layout-flow\">\n<h3 class=\"wp-block-accordion-heading has-icon has-icon-right has-medium-font-size\"><button aria-expanded=\"false\" aria-controls=\"accordion-item-20-panel\" data-wp-bind--aria-expanded=\"state.isOpen\" data-wp-on--click=\"actions.toggle\" id=\"accordion-item-20\" type=\"button\" class=\"wp-block-accordion-heading__toggle\"><span class=\"wp-block-accordion-heading__toggle-title\"><em>El Palacio Sin M\u00e1scara<\/em><\/span><span class=\"wp-block-accordion-heading__toggle-icon\" aria-hidden=\"true\">+<\/span><\/button><\/h3>\n\n\n\n<div aria-labelledby=\"accordion-item-20\" data-wp-bind--hidden=\"state.isHidden\" data-wp-on--beforematch=\"actions.handleBeforeMatch\" id=\"accordion-item-20-panel\" role=\"region\" class=\"wp-block-accordion-panel is-layout-flow wp-block-accordion-panel-is-layout-flow\">\n<p class=\"wp-block-paragraph\">Aspectos desconocidos de la cruenta toma del Palacio de Justicia por guerrilleros del M19 obtenidos en documentos oficiales.<\/p>\n\n\n\n<p class=\"wp-block-paragraph\"><em>Abril 2008.<\/em><\/p>\n<\/div>\n<\/div>\n\n\n\n<div data-wp-class--is-open=\"state.isOpen\" data-wp-context=\"{ &quot;id&quot;: &quot;accordion-item-21&quot;, &quot;openByDefault&quot;: false }\" data-wp-init=\"callbacks.initAccordionItems\" data-wp-on-window--hashchange=\"callbacks.hashChange\" class=\"wp-block-accordion-item is-layout-flow wp-block-accordion-item-is-layout-flow\">\n<h3 class=\"wp-block-accordion-heading has-icon has-icon-right has-medium-font-size\"><button aria-expanded=\"false\" aria-controls=\"accordion-item-21-panel\" data-wp-bind--aria-expanded=\"state.isOpen\" data-wp-on--click=\"actions.toggle\" id=\"accordion-item-21\" type=\"button\" class=\"wp-block-accordion-heading__toggle\"><span class=\"wp-block-accordion-heading__toggle-title\"><em>Objetivo 4<\/em><\/span><span class=\"wp-block-accordion-heading__toggle-icon\" aria-hidden=\"true\">+<\/span><\/button><\/h3>\n\n\n\n<div aria-labelledby=\"accordion-item-21\" data-wp-bind--hidden=\"state.isHidden\" data-wp-on--beforematch=\"actions.handleBeforeMatch\" id=\"accordion-item-21-panel\" role=\"region\" class=\"wp-block-accordion-panel is-layout-flow wp-block-accordion-panel-is-layout-flow\">\n<p class=\"wp-block-paragraph\">Historias que parecen superar la ficci\u00f3n. El espionaje moderno a trav\u00e9s de revelaciones de los Servicios de Inteligencia de la polic\u00eda colombiana, los m\u00e1s importantes de Am\u00e9rica. Reconstrucci\u00f3n de b\u00fasquedas inveros\u00edmiles y como resultado la captura de cabecillas de la delincuencia.<\/p>\n\n\n\n<p class=\"wp-block-paragraph\"><em>Julio 2010<\/em>.<\/p>\n<\/div>\n<\/div>\n\n\n\n<div data-wp-class--is-open=\"state.isOpen\" data-wp-context=\"{ &quot;id&quot;: &quot;accordion-item-22&quot;, &quot;openByDefault&quot;: false }\" data-wp-init=\"callbacks.initAccordionItems\" data-wp-on-window--hashchange=\"callbacks.hashChange\" class=\"wp-block-accordion-item is-layout-flow wp-block-accordion-item-is-layout-flow\">\n<h3 class=\"wp-block-accordion-heading has-icon has-icon-right has-medium-font-size\"><button aria-expanded=\"false\" aria-controls=\"accordion-item-22-panel\" data-wp-bind--aria-expanded=\"state.isOpen\" data-wp-on--click=\"actions.toggle\" id=\"accordion-item-22\" type=\"button\" class=\"wp-block-accordion-heading__toggle\"><span class=\"wp-block-accordion-heading__toggle-title\"><em>Operaci\u00f3n Pablo Escobar<\/em><\/span><span class=\"wp-block-accordion-heading__toggle-icon\" aria-hidden=\"true\">+<\/span><\/button><\/h3>\n\n\n\n<div aria-labelledby=\"accordion-item-22\" data-wp-bind--hidden=\"state.isHidden\" data-wp-on--beforematch=\"actions.handleBeforeMatch\" id=\"accordion-item-22-panel\" role=\"region\" class=\"wp-block-accordion-panel is-layout-flow wp-block-accordion-panel-is-layout-flow\">\n<p class=\"wp-block-paragraph\">Casi veinte a\u00f1os despu\u00e9s de la ca\u00edda de Escobar, el autor nos presenta la verdadera historia de la cacer\u00eda que acab\u00f3 con el hombre m\u00e1s temido y buscado del pa\u00eds. Operaci\u00f3n Pablo Escobar es una narraci\u00f3n fren\u00e9tica en la que las realidades m\u00e1s oscuras y los episodios m\u00e1s sorprendentes de la guerra contra el capo salen a flote. Sin este testimonio que el autor guard\u00f3 durante a\u00f1os, nadie podr\u00eda tener una visi\u00f3n completa de lo que significa la mafia en Colombia.<\/p>\n<\/div>\n<\/div>\n\n\n\n<div data-wp-class--is-open=\"state.isOpen\" data-wp-context=\"{ &quot;id&quot;: &quot;accordion-item-23&quot;, &quot;openByDefault&quot;: false }\" data-wp-init=\"callbacks.initAccordionItems\" data-wp-on-window--hashchange=\"callbacks.hashChange\" class=\"wp-block-accordion-item is-layout-flow wp-block-accordion-item-is-layout-flow\">\n<h3 class=\"wp-block-accordion-heading has-icon has-icon-right has-medium-font-size\"><button aria-expanded=\"false\" aria-controls=\"accordion-item-23-panel\" data-wp-bind--aria-expanded=\"state.isOpen\" data-wp-on--click=\"actions.toggle\" id=\"accordion-item-23\" type=\"button\" class=\"wp-block-accordion-heading__toggle\"><span class=\"wp-block-accordion-heading__toggle-title\"><em>La Tormenta<\/em><\/span><span class=\"wp-block-accordion-heading__toggle-icon\" aria-hidden=\"true\">+<\/span><\/button><\/h3>\n\n\n\n<div aria-labelledby=\"accordion-item-23\" data-wp-bind--hidden=\"state.isHidden\" data-wp-on--beforematch=\"actions.handleBeforeMatch\" id=\"accordion-item-23-panel\" role=\"region\" class=\"wp-block-accordion-panel is-layout-flow wp-block-accordion-panel-is-layout-flow\">\n<p class=\"wp-block-paragraph\">Con este estremecedor libro sobre las mujeres en la guerra, Germ\u00e1n&nbsp;Castro Caycedo muestra una arista desconocida hasta ahora&nbsp;del conflicto colombiano. Para lograrlo contact\u00f3 y entrevist\u00f3 a&nbsp;cuatro valientes que vivieron la cruda realidad del secuestro, la extorsi\u00f3n&nbsp;y la violencia sin l\u00edmites de las bandas criminales. Sin el apoyo de una&nbsp;justicia firme y clara, se vieron ante la ineludible necesidad de luchar&nbsp;por salvar sus vidas y las de sus familiares. El drama de estas hero\u00ednas&nbsp;es contado con la prosa aut\u00e9ntica de este escritor, testigo como pocos&nbsp;de la tormenta que diariamente azota todos los rincones de Colombia.<\/p>\n\n\n\n<p class=\"wp-block-paragraph\">La Tormenta es una narraci\u00f3n fren\u00e9tica en la que salen a flote las realidades&nbsp;m\u00e1s oscuras y los episodios m\u00e1s sorprendentes. Sin este testimonio, nadie&nbsp;podr\u00eda tener una visi\u00f3n completa de lo que significa la crudeza de la guerra&nbsp;en Colombia.<\/p>\n<\/div>\n<\/div>\n\n\n\n<div data-wp-class--is-open=\"state.isOpen\" data-wp-context=\"{ &quot;id&quot;: &quot;accordion-item-24&quot;, &quot;openByDefault&quot;: false }\" data-wp-init=\"callbacks.initAccordionItems\" data-wp-on-window--hashchange=\"callbacks.hashChange\" class=\"wp-block-accordion-item is-layout-flow wp-block-accordion-item-is-layout-flow\">\n<h3 class=\"wp-block-accordion-heading has-icon has-icon-right has-medium-font-size\"><button aria-expanded=\"false\" aria-controls=\"accordion-item-24-panel\" data-wp-bind--aria-expanded=\"state.isOpen\" data-wp-on--click=\"actions.toggle\" id=\"accordion-item-24\" type=\"button\" class=\"wp-block-accordion-heading__toggle\"><span class=\"wp-block-accordion-heading__toggle-title\"><em>Nuestra Guerra Ajena<\/em><\/span><span class=\"wp-block-accordion-heading__toggle-icon\" aria-hidden=\"true\">+<\/span><\/button><\/h3>\n\n\n\n<div aria-labelledby=\"accordion-item-24\" data-wp-bind--hidden=\"state.isHidden\" data-wp-on--beforematch=\"actions.handleBeforeMatch\" id=\"accordion-item-24-panel\" role=\"region\" class=\"wp-block-accordion-panel is-layout-flow wp-block-accordion-panel-is-layout-flow\">\n<p class=\"wp-block-paragraph\">Un plan de los Estados Unidos tras las inmensas reservas de agua dulce en Suram\u00e9rica, con el pretexto de la lucha contra el narcotr\u00e1fico en Colombia, que&nbsp; comenz\u00f3 por ser instaurado y organizado por ellos mismos a ra\u00edz de la invasi\u00f3n a Vietnam.&nbsp;<\/p>\n\n\n\n<p class=\"wp-block-paragraph\"><em>Octubre 2014.<\/em><\/p>\n<\/div>\n<\/div>\n\n\n\n<div data-wp-class--is-open=\"state.isOpen\" data-wp-context=\"{ &quot;id&quot;: &quot;accordion-item-25&quot;, &quot;openByDefault&quot;: false }\" data-wp-init=\"callbacks.initAccordionItems\" data-wp-on-window--hashchange=\"callbacks.hashChange\" class=\"wp-block-accordion-item is-layout-flow wp-block-accordion-item-is-layout-flow\">\n<h3 class=\"wp-block-accordion-heading has-icon has-icon-right has-medium-font-size\"><button aria-expanded=\"false\" aria-controls=\"accordion-item-25-panel\" data-wp-bind--aria-expanded=\"state.isOpen\" data-wp-on--click=\"actions.toggle\" id=\"accordion-item-25\" type=\"button\" class=\"wp-block-accordion-heading__toggle\"><span class=\"wp-block-accordion-heading__toggle-title\"><em>Una verdad oscura<\/em><\/span><span class=\"wp-block-accordion-heading__toggle-icon\" aria-hidden=\"true\">+<\/span><\/button><\/h3>\n\n\n\n<div aria-labelledby=\"accordion-item-25\" data-wp-bind--hidden=\"state.isHidden\" data-wp-on--beforematch=\"actions.handleBeforeMatch\" id=\"accordion-item-25-panel\" role=\"region\" class=\"wp-block-accordion-panel is-layout-flow wp-block-accordion-panel-is-layout-flow\">\n<p class=\"wp-block-paragraph\">Nuevas historias basadas en el espionaje policial moderno a partir de se\u00f1ales satelitales, sensores electr\u00f3nicos, tecnolog\u00eda de \u00faltimas generaciones, pero ante todo de la inventiva y la imaginaci\u00f3n del hombre colombiano, factor que lo hace especial.&nbsp;&nbsp;<\/p>\n\n\n\n<p class=\"wp-block-paragraph\"><em>Octubre 2017.<\/em><\/p>\n<\/div>\n<\/div>\n\n\n\n<div data-wp-class--is-open=\"state.isOpen\" data-wp-context=\"{ &quot;id&quot;: &quot;accordion-item-26&quot;, &quot;openByDefault&quot;: false }\" data-wp-init=\"callbacks.initAccordionItems\" data-wp-on-window--hashchange=\"callbacks.hashChange\" class=\"wp-block-accordion-item is-layout-flow wp-block-accordion-item-is-layout-flow\">\n<h3 class=\"wp-block-accordion-heading has-icon has-icon-right has-medium-font-size\"><button aria-expanded=\"false\" aria-controls=\"accordion-item-26-panel\" data-wp-bind--aria-expanded=\"state.isOpen\" data-wp-on--click=\"actions.toggle\" id=\"accordion-item-26\" type=\"button\" class=\"wp-block-accordion-heading__toggle\"><span class=\"wp-block-accordion-heading__toggle-title\"><em>Huellas<\/em><\/span><span class=\"wp-block-accordion-heading__toggle-icon\" aria-hidden=\"true\">+<\/span><\/button><\/h3>\n\n\n\n<div aria-labelledby=\"accordion-item-26\" data-wp-bind--hidden=\"state.isHidden\" data-wp-on--beforematch=\"actions.handleBeforeMatch\" id=\"accordion-item-26-panel\" role=\"region\" class=\"wp-block-accordion-panel is-layout-flow wp-block-accordion-panel-is-layout-flow\">\n<p class=\"wp-block-paragraph\">Rastros del autor por pa\u00edses y naciones culturales muy diversas: narrativa no-ficci\u00f3n que va desde Siberia y el litoral del Oc\u00e9ano Glacial \u00c1rtico hasta el Per\u00fa. El archivo de Indias en Sevilla y un registro de la brutal invasi\u00f3n de Am\u00e9rica. Desde Sarajevo hasta el Dari\u00e9n, uno de los pantanos selv\u00e1ticos m\u00e1s extensos de Am\u00e9rica en el noroccidente de Colombia. Desde Hamilton, Bermuda, hasta San Fernando de Atabapo en la triple frontera de Colombia, Venezuela y Brasil. Los jardines coralinos en el mar Caribe y la invasi\u00f3n a Vietnam y sus consecuencias sobre nuestro destino.<\/p>\n\n\n\n<p class=\"wp-block-paragraph\"><em>Mayo 2019<\/em>.<\/p>\n<\/div>\n<\/div>\n<\/div>\n\n\n\n<hr class=\"wp-block-separator has-alpha-channel-opacity is-style-dots\"\/>\n\n\n\n<div>\n<h1 class=\"wp-block-heading has-text-align-center has-base-3-color has-text-color has-background has-link-color wp-elements-2\" style=\"background-color:#b5502f\">Entrevistas<\/h1>\n<\/div>\n\n\n\n<div class=\"wp-block-group galeria-entrevistas\"><div class=\"wp-block-group__inner-container is-layout-constrained wp-block-group-is-layout-constrained\">\t\t\t<div \n\t\t\tclass=\"yotu-playlist yotuwp yotu-limit-min   yotu-thumb-169  yotu-template-grid\" \n\t\t\tdata-page=\"1\"\n\t\t\tid=\"yotuwp-6a9908711c096\"\n\t\t\tdata-yotu=\"modal\"\n\t\t\tdata-total=\"5\"\n\t\t\tdata-settings=\"eyJ0eXBlIjoicGxheWxpc3QiLCJpZCI6IlBMV3FHNzVJSkxKRjNYeV8zX2VWY3NFTkY5X3RLc0ZfbmwiLCJwYWdpbmF0aW9uIjoib24iLCJwYWdpdHlwZSI6InBhZ2VyIiwiY29sdW1uIjoiMiIsInBlcl9wYWdlIjoiNCIsInRlbXBsYXRlIjoiZ3JpZCIsInRpdGxlIjoib24iLCJkZXNjcmlwdGlvbiI6Im9uIiwidGh1bWJyYXRpbyI6IjE2OSIsIm1ldGEiOiJvZmYiLCJtZXRhX2RhdGEiOiJvZmYiLCJtZXRhX3Bvc2l0aW9uIjoib2ZmIiwiZGF0ZV9mb3JtYXQiOiJvZmYiLCJtZXRhX2FsaWduIjoib2ZmIiwic3Vic2NyaWJlIjoib2ZmIiwiZHVyYXRpb24iOiJvZmYiLCJtZXRhX2ljb24iOiJvZmYiLCJuZXh0dGV4dCI6IiIsInByZXZ0ZXh0IjoiIiwibG9hZG1vcmV0ZXh0IjoiIiwicGxheWVyIjp7Im1vZGUiOiJwb3B1cCIsIndpZHRoIjoiNjAwIiwic2Nyb2xsaW5nIjoiMTAwIiwiYXV0b3BsYXkiOjEsImNvbnRyb2xzIjoxLCJtb2Rlc3RicmFuZGluZyI6MSwibG9vcCI6MCwiYXV0b25leHQiOjAsInNob3dpbmZvIjoxLCJyZWwiOjAsInBsYXlpbmciOjAsInBsYXlpbmdfZGVzY3JpcHRpb24iOjAsInRodW1ibmFpbHMiOjAsImNjX2xvYWRfcG9saWN5IjoiMSIsImNjX2xhbmdfcHJlZiI6ImVzIiwiaGwiOiJlcyIsIml2X2xvYWRfcG9saWN5IjoiMSJ9LCJsYXN0X3RhYiI6InN0eWxpbmciLCJ1c2VfYXNfbW9kYWwiOiJvZmYiLCJtb2RhbF9pZCI6Im9mZiIsImxhc3RfdXBkYXRlIjoiMTc4NDU3MjMxNyIsInN0eWxpbmciOnsicGFnZXJfbGF5b3V0IjoiZGVmYXVsdCIsImJ1dHRvbiI6IjEiLCJidXR0b25fY29sb3IiOiIjZmZmZmZmIiwiYnV0dG9uX2JnX2NvbG9yIjoiI2ZmZmZmZiIsImJ1dHRvbl9jb2xvcl9ob3ZlciI6IiIsImJ1dHRvbl9iZ19jb2xvcl9ob3ZlciI6IiIsInZpZGVvX3N0eWxlIjoiZ3BsdXMiLCJwbGF5aWNvbl9jb2xvciI6IiIsImhvdmVyX2ljb24iOiIiLCJnYWxsZXJ5X2JnIjoiIn0sImVmZmVjdHMiOnsidmlkZW9fYm94IjoiIiwiZmxpcF9lZmZlY3QiOiIifSwiZ2FsbGVyeV9pZCI6IjZhOTkwODcxMWMwOTYiLCJuZXh0IjoiRUFBYUhsQlVPa05CVVdsRlJFVjVVbFZhUTAwd1NYaFJlbFV6VWtWVk1GSlVSUSIsInByZXYiOiIifQ==\"\n\t\t\tdata-player=\"popup\"\n\t\t\tdata-showdesc=\"on\" >\n\t\t\t\t<div>\n\t\t\t\t\t<div class=\"yotu-pagination yotu-pager_layout-default yotu-pagination-top\">\n<a href=\"#\" class=\"yotu-pagination-prev yotu-button-prs yotu-button-prs-1\" data-page=\"prev\">Prev<\/a>\n<span class=\"yotu-pagination-current\">1<\/span> <span>of<\/span> <span class=\"yotu-pagination-total\">5<\/span>\n<a href=\"#\" class=\"yotu-pagination-next yotu-button-prs yotu-button-prs-1\" data-page=\"next\">Next<\/a>\n<\/div>\n<div class=\"yotu-videos yotu-mode-grid yotu-preset yotu-preset-gplus yotu-column-2 yotu-player-mode-popup\">\n\t<ul>\n\t\t\t\t\t<li class=\" yotu-first\">\n\t\t\t\t\t\t\t\t<a href=\"#9DzkAXsThDE\" class=\"yotu-video\" data-videoid=\"9DzkAXsThDE\" data-title=\"Germ\u00e1n Castro Caycedo conversa con Bernardo Hoyos en \\&apos;Esta es su sida\\&apos; (1991)\" title=\"Germ\u00e1n Castro Caycedo conversa con Bernardo Hoyos en &apos;Esta es su sida&apos; (1991)\">\n\t\t\t\t\t<div class=\"yotu-video-thumb-wrp\">\n\t\t\t\t\t\t<div>\n\t\t\t\t\t\t\t\t\t\t\t\t\t\t<img decoding=\"async\" class=\"yotu-video-thumb\" src=\"https:\/\/i.ytimg.com\/vi\/9DzkAXsThDE\/sddefault.jpg\" alt=\"Germ\u00e1n Castro Caycedo conversa con Bernardo Hoyos en &amp;apos;Esta es su sida&amp;apos; (1991)\" title=\"\">\t\n\t\t\t\t\t\t\t\t\t\t\t\t\t<\/div>\n\t\t\t\t\t<\/div>\n\t\t\t\t\t\t\t\t\t\t\t<h3 class=\"yotu-video-title\">Germ\u00e1n Castro Caycedo conversa con Bernardo Hoyos en 'Esta es su sida' (1991)<\/h3>\n\t\t\t\t\t\t\t\t\t\t\t\t\t\t\t\t\t\t\t\t\t<div class=\"yotu-video-description\"><\/div>\n\t\t\t\t\t\t\t\t\t<\/a>\n\t\t\t\t\t\t\t<\/li>\n\t\t\t\t\n\t\t\t\t\t\t<li class=\"\">\n\t\t\t\t\t\t\t\t<a href=\"#gVby6CE9skU\" class=\"yotu-video\" data-videoid=\"gVby6CE9skU\" data-title=\"Historias de la gente Especial Germ\u00e1n Castro Caycedo\" title=\"Historias de la gente Especial Germ\u00e1n Castro Caycedo\">\n\t\t\t\t\t<div class=\"yotu-video-thumb-wrp\">\n\t\t\t\t\t\t<div>\n\t\t\t\t\t\t\t\t\t\t\t\t\t\t<img decoding=\"async\" class=\"yotu-video-thumb\" src=\"https:\/\/i.ytimg.com\/vi\/gVby6CE9skU\/sddefault.jpg\" alt=\"Historias de la gente Especial Germ\u00e1n Castro Caycedo\" title=\"\">\t\n\t\t\t\t\t\t\t\t\t\t\t\t\t<\/div>\n\t\t\t\t\t<\/div>\n\t\t\t\t\t\t\t\t\t\t\t<h3 class=\"yotu-video-title\">Historias de la gente Especial Germ\u00e1n Castro Caycedo<\/h3>\n\t\t\t\t\t\t\t\t\t\t\t\t\t\t\t\t\t\t\t\t\t<div class=\"yotu-video-description\"><\/div>\n\t\t\t\t\t\t\t\t\t<\/a>\n\t\t\t\t\t\t\t<\/li>\n\t\t\t\t\n\t\t\t\t\t\t<li class=\"\">\n\t\t\t\t\t\t\t\t<a href=\"#qJXCJ_Cg434\" class=\"yotu-video\" data-videoid=\"qJXCJ_Cg434\" data-title=\"Entrevista a Germ\u00e1n Castro Caycedo en Contrav\u00eda\" title=\"Entrevista a Germ\u00e1n Castro Caycedo en Contrav\u00eda\">\n\t\t\t\t\t<div class=\"yotu-video-thumb-wrp\">\n\t\t\t\t\t\t<div>\n\t\t\t\t\t\t\t\t\t\t\t\t\t\t<img decoding=\"async\" class=\"yotu-video-thumb\" src=\"https:\/\/i.ytimg.com\/vi\/qJXCJ_Cg434\/sddefault.jpg\" alt=\"Entrevista a Germ\u00e1n Castro Caycedo en Contrav\u00eda\" title=\"\">\t\n\t\t\t\t\t\t\t\t\t\t\t\t\t<\/div>\n\t\t\t\t\t<\/div>\n\t\t\t\t\t\t\t\t\t\t\t<h3 class=\"yotu-video-title\">Entrevista a Germ\u00e1n Castro Caycedo en Contrav\u00eda<\/h3>\n\t\t\t\t\t\t\t\t\t\t\t\t\t\t\t\t\t\t\t\t\t<div class=\"yotu-video-description\"><\/div>\n\t\t\t\t\t\t\t\t\t<\/a>\n\t\t\t\t\t\t\t<\/li>\n\t\t\t\t\n\t\t\t\t\t\t<li class=\" yotu-last\">\n\t\t\t\t\t\t\t\t<a href=\"#47ghjAPhVi4\" class=\"yotu-video\" data-videoid=\"47ghjAPhVi4\" data-title=\"El eterno enviado especial est\u00e1 de cumplea\u00f1os - Los Informantes (Caracol TV)\" title=\"El eterno enviado especial est\u00e1 de cumplea\u00f1os - Los Informantes (Caracol TV)\">\n\t\t\t\t\t<div class=\"yotu-video-thumb-wrp\">\n\t\t\t\t\t\t<div>\n\t\t\t\t\t\t\t\t\t\t\t\t\t\t<img decoding=\"async\" class=\"yotu-video-thumb\" src=\"https:\/\/i.ytimg.com\/vi\/47ghjAPhVi4\/sddefault.jpg\" alt=\"El eterno enviado especial est\u00e1 de cumplea\u00f1os - Los Informantes (Caracol TV)\" title=\"\">\t\n\t\t\t\t\t\t\t\t\t\t\t\t\t<\/div>\n\t\t\t\t\t<\/div>\n\t\t\t\t\t\t\t\t\t\t\t<h3 class=\"yotu-video-title\">El eterno enviado especial est\u00e1 de cumplea\u00f1os - Los Informantes (Caracol TV)<\/h3>\n\t\t\t\t\t\t\t\t\t\t\t\t\t\t\t\t\t\t\t\t\t<div class=\"yotu-video-description\"><\/div>\n\t\t\t\t\t\t\t\t\t<\/a>\n\t\t\t\t\t\t\t<\/li>\n\t\t\t\t\n\t\t\t\t<\/ul>\n<\/div><div class=\"yotu-pagination yotu-pager_layout-default yotu-pagination-bottom\">\n<a href=\"#\" class=\"yotu-pagination-prev yotu-button-prs yotu-button-prs-1\" data-page=\"prev\">Prev<\/a>\n<span class=\"yotu-pagination-current\">1<\/span> <span>of<\/span> <span class=\"yotu-pagination-total\">5<\/span>\n<a href=\"#\" class=\"yotu-pagination-next yotu-button-prs yotu-button-prs-1\" data-page=\"next\">Next<\/a>\n<\/div>\n\t\t\t\t<\/div>\n\t\t\t<\/div>\n\t\t\t\n<\/div><\/div>\n\n\n\n<hr class=\"wp-block-separator has-alpha-channel-opacity is-style-dots\"\/>\n\n\n\n<div>\n<h1 class=\"wp-block-heading has-text-align-center has-base-3-color has-text-color has-background has-link-color wp-elements-3\" style=\"background-color:#b5502f\">Sus escritos<\/h1>\n<\/div>\n\n\n\n<div><div class=\"gb-looper-8e07964a\">\n<div class=\"gb-loop-item gb-loop-item-8304c256 post-5038 post type-post status-publish format-standard has-post-thumbnail hentry category-qr\">\n<img loading=\"lazy\" decoding=\"async\" width=\"750\" height=\"350\" data-media-id=\"5039\" class=\"gb-media-67c7306d\" src=\"https:\/\/germancastrocaycedo.co\/portal\/wp-content\/uploads\/2024\/03\/Viaje-a-la-macarena.jpg\" alt=\"EN LA L\u00cdNEA DE FUEGO\" srcset=\"https:\/\/germancastrocaycedo.co\/portal\/wp-content\/uploads\/2024\/03\/Viaje-a-la-macarena.jpg 750w, https:\/\/germancastrocaycedo.co\/portal\/wp-content\/uploads\/2024\/03\/Viaje-a-la-macarena-300x140.jpg 300w, https:\/\/germancastrocaycedo.co\/portal\/wp-content\/uploads\/2024\/03\/Viaje-a-la-macarena-170x79.jpg 170w\" sizes=\"auto, (max-width: 750px) 100vw, 750px\" title=\"\">\n\n\n\n<h2 class=\"gb-text gb-text-aa4b9f30\"><a href=\"https:\/\/germancastrocaycedo.co\/portal\/2024\/03\/05\/en-la-linea-de-fuego\/\">EN LA L\u00cdNEA DE FUEGO<\/a><\/h2>\n\n\n\n<p class=\"gb-text gb-text-25f61e39\">5 marzo, 2024<\/p>\n\n\n\n<p class=\"gb-text\">Medio: Revista Cromos Fecha: 14 de agosto de 2006 Por: Germ\u00e1n Castro Caycedo \/ Fotos: Fredy G\u00f3mez Veinticuatro horas antes de que una mina sembrada por las Farc matara a seis erradicadores, Germ\u00e1n Castro Caycedo se adentro en el epicentro de la guerra contra la coca en este Parque Natural. Vivencias junto al grupo Jungla<\/p>\n<\/div>\n\n<div class=\"gb-loop-item gb-loop-item-8304c256 post-4965 post type-post status-publish format-standard has-post-thumbnail hentry category-qr\">\n<img loading=\"lazy\" decoding=\"async\" width=\"1621\" height=\"1240\" data-media-id=\"5094\" class=\"gb-media-67c7306d\" src=\"https:\/\/germancastrocaycedo.co\/portal\/wp-content\/uploads\/2015\/10\/Fotos-obligado-a-preguntar-1_pages-to-jpg-0001-1.jpg\" alt=\"OBLIGADO A PREGUNTAR: 36 HORAS EN EL CORAZ\u00d3N DE LA SUBVERSI\u00d3N\" srcset=\"https:\/\/germancastrocaycedo.co\/portal\/wp-content\/uploads\/2015\/10\/Fotos-obligado-a-preguntar-1_pages-to-jpg-0001-1.jpg 1621w, https:\/\/germancastrocaycedo.co\/portal\/wp-content\/uploads\/2015\/10\/Fotos-obligado-a-preguntar-1_pages-to-jpg-0001-1-300x229.jpg 300w, https:\/\/germancastrocaycedo.co\/portal\/wp-content\/uploads\/2015\/10\/Fotos-obligado-a-preguntar-1_pages-to-jpg-0001-1-1024x783.jpg 1024w, https:\/\/germancastrocaycedo.co\/portal\/wp-content\/uploads\/2015\/10\/Fotos-obligado-a-preguntar-1_pages-to-jpg-0001-1-768x587.jpg 768w, https:\/\/germancastrocaycedo.co\/portal\/wp-content\/uploads\/2015\/10\/Fotos-obligado-a-preguntar-1_pages-to-jpg-0001-1-1536x1175.jpg 1536w, https:\/\/germancastrocaycedo.co\/portal\/wp-content\/uploads\/2015\/10\/Fotos-obligado-a-preguntar-1_pages-to-jpg-0001-1-1140x872.jpg 1140w, https:\/\/germancastrocaycedo.co\/portal\/wp-content\/uploads\/2015\/10\/Fotos-obligado-a-preguntar-1_pages-to-jpg-0001-1-124x95.jpg 124w, https:\/\/germancastrocaycedo.co\/portal\/wp-content\/uploads\/2015\/10\/Fotos-obligado-a-preguntar-1_pages-to-jpg-0001-1-70x55.jpg 70w, https:\/\/germancastrocaycedo.co\/portal\/wp-content\/uploads\/2015\/10\/Fotos-obligado-a-preguntar-1_pages-to-jpg-0001-1-700x535.jpg 700w\" sizes=\"auto, (max-width: 1621px) 100vw, 1621px\" title=\"\">\n\n\n\n<h2 class=\"gb-text gb-text-aa4b9f30\"><a href=\"https:\/\/germancastrocaycedo.co\/portal\/2024\/02\/17\/obligado-a-preguntar\/\">OBLIGADO A PREGUNTAR: 36 HORAS EN EL CORAZ\u00d3N DE LA SUBVERSI\u00d3N<\/a><\/h2>\n\n\n\n<p class=\"gb-text gb-text-25f61e39\">17 febrero, 2024<\/p>\n\n\n\n<p class=\"gb-text\">Medio: El Siglo Fecha: mayo de 1980 Por: Germ\u00e1n Castro Caycedo \/ Fotos: Germ\u00e1n Castro Caycedo Portada: El testimonio m\u00e1s directo sobre el acontecimiento pol\u00edtico m\u00e1s importante del a\u00f1o -la emergencia a primer plano del M-19- est\u00e1 contenido en las entrevistas exclusivas de Germ\u00e1n Castro con Jaime Bateman Cay\u00f3n, comandante general de ese movimiento clandestino.<\/p>\n<\/div>\n\n<div class=\"gb-loop-item gb-loop-item-8304c256 post-4963 post type-post status-publish format-standard has-post-thumbnail hentry category-qr\">\n<img loading=\"lazy\" decoding=\"async\" width=\"750\" height=\"350\" data-media-id=\"5363\" class=\"gb-media-67c7306d\" src=\"https:\/\/germancastrocaycedo.co\/portal\/wp-content\/uploads\/2024\/02\/BeFunky-design-22.jpg\" alt=\"VIDEO | MAGDALENA MEDIO\" srcset=\"https:\/\/germancastrocaycedo.co\/portal\/wp-content\/uploads\/2024\/02\/BeFunky-design-22.jpg 750w, https:\/\/germancastrocaycedo.co\/portal\/wp-content\/uploads\/2024\/02\/BeFunky-design-22-300x140.jpg 300w, https:\/\/germancastrocaycedo.co\/portal\/wp-content\/uploads\/2024\/02\/BeFunky-design-22-170x79.jpg 170w\" sizes=\"auto, (max-width: 750px) 100vw, 750px\" title=\"\">\n\n\n\n<h2 class=\"gb-text gb-text-aa4b9f30\"><a href=\"https:\/\/germancastrocaycedo.co\/portal\/2024\/02\/17\/video-magdalena-medio\/\">VIDEO | MAGDALENA MEDIO<\/a><\/h2>\n\n\n\n<p class=\"gb-text gb-text-25f61e39\">17 febrero, 2024<\/p>\n\n\n\n<p class=\"gb-text\">16 de abril de 1984 En la d\u00e9cada de los 80, Colombia enfrentaba un momento cr\u00edtico en su historia, marcado por el conflicto armado y los esfuerzos del gobierno por encontrar caminos hacia la paz. En este contexto, el programa Enviado Especial se aventur\u00f3 en el Magdalena Medio, una regi\u00f3n emblem\u00e1tica por su intensa actividad<\/p>\n<\/div>\n\n<div class=\"gb-loop-item gb-loop-item-8304c256 post-4961 post type-post status-publish format-standard has-post-thumbnail hentry category-qr\">\n<img loading=\"lazy\" decoding=\"async\" width=\"750\" height=\"350\" data-media-id=\"5389\" class=\"gb-media-67c7306d\" src=\"https:\/\/germancastrocaycedo.co\/portal\/wp-content\/uploads\/2024\/02\/BeFunky-design-33.jpg\" alt=\"TRECE A\u00d1OS DE DEMENCIA\" srcset=\"https:\/\/germancastrocaycedo.co\/portal\/wp-content\/uploads\/2024\/02\/BeFunky-design-33.jpg 750w, https:\/\/germancastrocaycedo.co\/portal\/wp-content\/uploads\/2024\/02\/BeFunky-design-33-300x140.jpg 300w, https:\/\/germancastrocaycedo.co\/portal\/wp-content\/uploads\/2024\/02\/BeFunky-design-33-170x79.jpg 170w\" sizes=\"auto, (max-width: 750px) 100vw, 750px\" title=\"\">\n\n\n\n<h2 class=\"gb-text gb-text-aa4b9f30\"><a href=\"https:\/\/germancastrocaycedo.co\/portal\/2024\/02\/17\/trece-anos-de-demencia\/\">TRECE A\u00d1OS DE DEMENCIA<\/a><\/h2>\n\n\n\n<p class=\"gb-text gb-text-25f61e39\">17 febrero, 2024<\/p>\n\n\n\n<p class=\"gb-text\">Medio: El Tiempo &#8211; Lecturas Dominicales Fecha: 03 de marzo de 2002 Por: Germ\u00e1n Castro Caycedo \/ Fotos: Richard Emblin Como transmitiendo un partido de f\u00fatbol, la chica de la televisi\u00f3n dec\u00eda que en aquella casa de Suba, extramuros de Bogot\u00e1, hab\u00edan hecho grandes t\u00faneles, no solo en busca de toneles rellenos de d\u00f3lares sino<\/p>\n<\/div>\n<\/div>\n\n\n<div class=\"gb-element-c315f84e gb-query-loop-pagination\">\n\n<nav class=\"gb-query-page-numbers-7de4aa82\"><span aria-current=\"page\" class=\"page-numbers current\">1<\/span>\n<a class=\"page-numbers\" href=\"?query-16bf67f2-page=2\">2<\/a>\n<a class=\"page-numbers\" href=\"?query-16bf67f2-page=3\">3<\/a>\n<a class=\"page-numbers\" href=\"?query-16bf67f2-page=4\">4<\/a>\n<span class=\"page-numbers dots\">&hellip;<\/span>\n<a class=\"page-numbers\" href=\"?query-16bf67f2-page=15\">15<\/a><\/nav>\n\n\n<a class=\"gb-text gb-text-ff879ca5\" href=\"\/portal\/wp-json\/wp\/v2\/pages\/7328?query-16bf67f2-page=2\">Siguente<\/a>\n<\/div>\n\n\n<\/div>\n","protected":false},"excerpt":{"rendered":"<p>El autor \u00abEn periodismo no ha habido, no hay, ni habr\u00e1 jam\u00e1s objetividad, en cuanto haya seres humanos de por medio. A quien te hable de objetividad no lo escuches. A \u00e9l lo dej\u00f3 el tren. Es que hoy existen otros par\u00e1metros, otra visi\u00f3n, otra concepci\u00f3n en torno a la realidad que se cuenta. O &#8230; <a title=\"Biograf\u00eda de Germ\u00e1n Castro Caycedo\" class=\"read-more\" href=\"https:\/\/germancastrocaycedo.co\/portal\/perfil-german-castro-caycedo\/\" aria-label=\"Leer m\u00e1s sobre Biograf\u00eda de Germ\u00e1n Castro Caycedo\">Leer m\u00e1s<\/a><\/p>\n","protected":false},"author":2,"featured_media":0,"parent":0,"menu_order":0,"comment_status":"closed","ping_status":"closed","template":"","meta":{"footnotes":""},"class_list":["post-7328","page","type-page","status-publish"],"_links":{"self":[{"href":"https:\/\/germancastrocaycedo.co\/portal\/wp-json\/wp\/v2\/pages\/7328","targetHints":{"allow":["GET"]}}],"collection":[{"href":"https:\/\/germancastrocaycedo.co\/portal\/wp-json\/wp\/v2\/pages"}],"about":[{"href":"https:\/\/germancastrocaycedo.co\/portal\/wp-json\/wp\/v2\/types\/page"}],"author":[{"embeddable":true,"href":"https:\/\/germancastrocaycedo.co\/portal\/wp-json\/wp\/v2\/users\/2"}],"replies":[{"embeddable":true,"href":"https:\/\/germancastrocaycedo.co\/portal\/wp-json\/wp\/v2\/comments?post=7328"}],"version-history":[{"count":60,"href":"https:\/\/germancastrocaycedo.co\/portal\/wp-json\/wp\/v2\/pages\/7328\/revisions"}],"predecessor-version":[{"id":7642,"href":"https:\/\/germancastrocaycedo.co\/portal\/wp-json\/wp\/v2\/pages\/7328\/revisions\/7642"}],"wp:attachment":[{"href":"https:\/\/germancastrocaycedo.co\/portal\/wp-json\/wp\/v2\/media?parent=7328"}],"curies":[{"name":"wp","href":"https:\/\/api.w.org\/{rel}","templated":true}]}}