{"id":7021,"date":"2026-07-12T23:54:41","date_gmt":"2026-07-13T04:54:41","guid":{"rendered":"https:\/\/germancastrocaycedo.co\/portal\/?page_id=7021"},"modified":"2026-09-01T21:45:33","modified_gmt":"2026-09-02T02:45:33","slug":"pagina-de-inicio","status":"publish","type":"page","link":"https:\/\/germancastrocaycedo.co\/portal\/","title":{"rendered":"Germ\u00e1n Castro Caycedo, p\u00e1gina oficial"},"content":{"rendered":"\n<h1 class=\"wp-block-heading has-text-align-center has-custom-css has-base-3-color has-text-color has-background has-link-color has-x-large-font-size wp-elements-1\" style=\"background-color:#b5502f\">Destacadas<\/h1>\n\n\n\n<div class=\"gb-element-a6c6f2c8\">\n<div>\n<figure class=\"wp-block-image size-full is-style-default\"><a href=\"https:\/\/germancastrocaycedo.co\/portal\/2026\/08\/22\/german-castro-caycedo-cinco-anos-despues-de-su-muerte-revista-cambio\/\"><img loading=\"lazy\" decoding=\"async\" width=\"580\" height=\"435\" src=\"https:\/\/germancastrocaycedo.co\/portal\/wp-content\/uploads\/2026\/08\/german3-edited.jpg\" alt=\"\" class=\"wp-image-7683\" style=\"aspect-ratio:4\/3;object-fit:cover\" title=\"\" srcset=\"https:\/\/germancastrocaycedo.co\/portal\/wp-content\/uploads\/2026\/08\/german3-edited.jpg 580w, https:\/\/germancastrocaycedo.co\/portal\/wp-content\/uploads\/2026\/08\/german3-edited-300x225.jpg 300w\" sizes=\"auto, (max-width: 580px) 100vw, 580px\" \/><\/a><\/figure>\n\n\n\n<h1 class=\"wp-block-heading has-custom-css\" style=\"font-size:20px;text-decoration:none\"><a href=\"https:\/\/germancastrocaycedo.co\/portal\/2026\/08\/22\/german-castro-caycedo-cinco-anos-despues-de-su-muerte-revista-cambio\/\">Germ\u00e1n Castro Caycedo, cinco a\u00f1os despu\u00e9s de su muerte: publicado en la Revista Cambio<\/a><\/h1>\n\n\n\n<p class=\"wp-block-paragraph\" style=\"font-size:16px\">Revista Cambio registr\u00f3 la reedici\u00f3n de obras de Germ\u00e1n Castro Caycedo: \u2018Perdido en el Amazonas\u2019, \u2018Mi alma se la dejo al diablo\u2019, \u2018La bruja\u2019 y \u2018La noche de las lanzas\u2019.<\/p>\n<\/div>\n\n\n\n<div>\n<figure class=\"wp-block-image size-large is-style-default\"><a href=\"https:\/\/germancastrocaycedo.co\/portal\/2026\/08\/31\/la-noche-de-las-lanzas-vuelve-a-circular-sus-protagonistas-fueron-nombrados-venerables-por-el-papa-leon-xiv-el-segundo-paso-en-el-camino-hacia-su-santificacion\/\"><img loading=\"lazy\" decoding=\"async\" width=\"840\" height=\"630\" src=\"https:\/\/germancastrocaycedo.co\/portal\/wp-content\/uploads\/2026\/08\/La-noche-de-las-lanzas-edited.png\" alt=\"\" class=\"wp-image-7682\" style=\"aspect-ratio:4\/3;object-fit:cover\" title=\"\" srcset=\"https:\/\/germancastrocaycedo.co\/portal\/wp-content\/uploads\/2026\/08\/La-noche-de-las-lanzas-edited.png 840w, https:\/\/germancastrocaycedo.co\/portal\/wp-content\/uploads\/2026\/08\/La-noche-de-las-lanzas-edited-300x225.png 300w, https:\/\/germancastrocaycedo.co\/portal\/wp-content\/uploads\/2026\/08\/La-noche-de-las-lanzas-edited-768x576.png 768w\" sizes=\"auto, (max-width: 840px) 100vw, 840px\" \/><\/a><\/figure>\n\n\n\n<h1 class=\"wp-block-heading\" style=\"font-size:20px;text-decoration:none\"><a href=\"https:\/\/germancastrocaycedo.co\/portal\/2026\/08\/31\/la-noche-de-las-lanzas-vuelve-a-circular-sus-protagonistas-fueron-nombrados-venerables-por-el-papa-leon-xiv-el-segundo-paso-en-el-camino-hacia-su-santificacion\/\">\u2018La noche de las lanzas\u2019 vuelve a circular: sus protagonistas fueron nombrados venerables por el papa Le\u00f3n XIV, el segundo paso en el camino hacia su santificaci\u00f3n<\/a><\/h1>\n\n\n\n<p class=\"wp-block-paragraph\" style=\"font-size:16px\">La historia que Germ\u00e1n Castro Caycedo reconstruy\u00f3 sobre el asesinato de dos misioneros capuchinos en la Amazon\u00eda ecuatoriana vuelve a circular en una nueva edici\u00f3n de Planeta, con pr\u00f3logo de Francisco de Roux.<\/p>\n<\/div>\n\n\n\n<div>\n<figure class=\"wp-block-image size-full is-style-default\"><a href=\"https:\/\/germancastrocaycedo.co\/portal\/2026\/08\/31\/german-castro-caycedo-el-cacique-blanco-que-se-enmaniguo\/\"><img loading=\"lazy\" decoding=\"async\" width=\"467\" height=\"350\" src=\"https:\/\/germancastrocaycedo.co\/portal\/wp-content\/uploads\/2026\/08\/enviado-especial-cerrejon-4-edited.jpg\" alt=\"\" class=\"wp-image-7684\" style=\"aspect-ratio:4\/3;object-fit:cover\" title=\"\" srcset=\"https:\/\/germancastrocaycedo.co\/portal\/wp-content\/uploads\/2026\/08\/enviado-especial-cerrejon-4-edited.jpg 467w, https:\/\/germancastrocaycedo.co\/portal\/wp-content\/uploads\/2026\/08\/enviado-especial-cerrejon-4-edited-300x225.jpg 300w\" sizes=\"auto, (max-width: 467px) 100vw, 467px\" \/><\/a><\/figure>\n\n\n\n<h1 class=\"wp-block-heading\" style=\"font-size:20px;text-decoration:none\"><a href=\"https:\/\/germancastrocaycedo.co\/portal\/2025\/11\/06\/palacio-sin-mascara-historia-oculta-palacio-justicia\/\">Germ\u00e1n Castro Caycedo, el cacique blanco que se <\/a><a href=\"https:\/\/germancastrocaycedo.co\/portal\/2026\/08\/31\/german-castro-caycedo-el-cacique-blanco-que-se-enmaniguo\/\">enmanigu\u00f3<\/a><\/h1>\n\n\n\n<p class=\"wp-block-paragraph\" style=\"font-size:16px\">A cinco a\u00f1os de la muerte de Germ\u00e1n Castro Caycedo, su hija, Catalina Castro Blanchet, recuerda en la Revista Generaciones los viajes que hizo junto a su padre por la Amazon\u00eda y habla de la nueva edici\u00f3n de La noche de las lanzas.<\/p>\n<\/div>\n<\/div>\n\n\n\n<hr class=\"wp-block-separator has-text-color has-base-3-color has-alpha-channel-opacity has-base-3-background-color has-background\"\/>\n\n\n\n<h1 class=\"wp-block-heading has-text-align-center has-base-3-color has-text-color has-background has-link-color has-x-large-font-size wp-elements-2\" style=\"background-color:#b5502f\">Medio siglo de periodismo<\/h1>\n\n\n\n<hr class=\"wp-block-separator has-text-color has-base-3-color has-alpha-channel-opacity has-base-3-background-color has-background\"\/>\n\n\n\n<div class=\"gb-element-53053f45\">\n<div class=\"gb-element-3ea20d88\">\n<figure class=\"wp-block-embed is-type-video is-provider-youtube wp-block-embed-youtube wp-embed-aspect-16-9 wp-has-aspect-ratio\"><div class=\"wp-block-embed__wrapper\">\n<iframe loading=\"lazy\" title=\"2015 - Discurso German Castro Caicedo\" width=\"1200\" height=\"675\" src=\"https:\/\/www.youtube.com\/embed\/x5j7_P1AMsI?feature=oembed\" frameborder=\"0\" allow=\"accelerometer; autoplay; clipboard-write; encrypted-media; gyroscope; picture-in-picture; web-share\" referrerpolicy=\"strict-origin-when-cross-origin\" allowfullscreen><\/iframe>\n<\/div><\/figure>\n<\/div>\n\n\n\n<div>\n<p class=\"has-text-align-center has-base-3-color has-text-color has-background has-link-color wp-elements-3 wp-block-paragraph\" style=\"background-color:#b5502f;font-size:18px\">Cronista, creador de Enviado Especial y una de las voces m\u00e1s cre\u00edbles del periodismo colombiano. Gan\u00f3 once premios nacionales y ocho internacionales, y escribi\u00f3 veintid\u00f3s libros traducidos a varios idiomas. Su legado perdura como el de un narrador esencial de Colombia.<\/p>\n<\/div>\n<\/div>\n\n\n\n<div>\n<div class=\"wp-block-columns is-layout-flex wp-container-core-columns-is-layout-8f761849 wp-block-columns-is-layout-flex\">\n<div class=\"wp-block-column is-layout-flow wp-block-column-is-layout-flow\"><\/div>\n\n\n\n<div class=\"wp-block-column is-layout-flow wp-block-column-is-layout-flow\">\n<div class=\"wp-block-buttons is-content-justification-center is-layout-flex wp-container-core-buttons-is-layout-fe48e5de wp-block-buttons-is-layout-flex\">\n<div class=\"wp-block-button\"><a class=\"wp-block-button__link has-text-align-center wp-element-button\" href=\"https:\/\/germancastrocaycedo.co\/portal\/perfil-de-german\/\" target=\"_blank\" rel=\"noreferrer noopener\"><strong>Sobre el autor&#8230;<\/strong><\/a><\/div>\n<\/div>\n<\/div>\n\n\n\n<div class=\"wp-block-column is-layout-flow wp-block-column-is-layout-flow\"><\/div>\n<\/div>\n<\/div>\n\n\n\n<hr class=\"wp-block-separator has-text-color has-base-3-color has-alpha-channel-opacity has-base-3-background-color has-background\"\/>\n\n\n\n<h1 class=\"wp-block-heading has-text-align-center has-base-3-color has-text-color has-background has-link-color has-x-large-font-size wp-elements-4\" style=\"background-color:#b5502f\">Actualidad<\/h1>\n\n\n\n<div><div class=\"gb-looper-05134b0d\">\n<div class=\"gb-loop-item gb-loop-item-64d778c2 post-7677 post type-post status-publish format-standard has-post-thumbnail hentry category-actualidad tag-alejandro-labaka tag-francisco-de-roux tag-german-castro-caycedo tag-ines-arango tag-la-noche-de-las-lanzas tag-libros\">\n<img loading=\"lazy\" decoding=\"async\" width=\"1200\" height=\"630\" data-media-id=\"7679\" class=\"gb-media-6c5b60b9\" src=\"https:\/\/germancastrocaycedo.co\/portal\/wp-content\/uploads\/2026\/08\/La-noche-de-las-lanzas.png\" alt=\"\u2018La noche de las lanzas\u2019 vuelve a circular: sus protagonistas fueron nombrados venerables por el papa Le\u00f3n XIV, el segundo paso en el camino hacia su santificaci\u00f3n\" srcset=\"https:\/\/germancastrocaycedo.co\/portal\/wp-content\/uploads\/2026\/08\/La-noche-de-las-lanzas.png 1200w, https:\/\/germancastrocaycedo.co\/portal\/wp-content\/uploads\/2026\/08\/La-noche-de-las-lanzas-300x158.png 300w, https:\/\/germancastrocaycedo.co\/portal\/wp-content\/uploads\/2026\/08\/La-noche-de-las-lanzas-1024x538.png 1024w, https:\/\/germancastrocaycedo.co\/portal\/wp-content\/uploads\/2026\/08\/La-noche-de-las-lanzas-768x403.png 768w\" sizes=\"auto, (max-width: 1200px) 100vw, 1200px\" title=\"\">\n\n\n\n<h2 class=\"gb-text gb-text-c96a1767\"><a href=\"https:\/\/germancastrocaycedo.co\/portal\/2026\/08\/31\/la-noche-de-las-lanzas-vuelve-a-circular-sus-protagonistas-fueron-nombrados-venerables-por-el-papa-leon-xiv-el-segundo-paso-en-el-camino-hacia-su-santificacion\/\">&#8216;La noche de las lanzas&#8217; vuelve a circular: sus protagonistas fueron nombrados venerables por el papa Le\u00f3n XIV, el segundo paso en el camino hacia su santificaci\u00f3n<\/a><\/h2>\n\n\n\n<p class=\"gb-text gb-text-13344071\">31 agosto, 2026<\/p>\n\n\n\n<p class=\"gb-text\">La historia que Germ\u00e1n Castro Caycedo reconstruy\u00f3 sobre el asesinato de dos misioneros capuchinos en la Amazon\u00eda ecuatoriana vuelve a circular en una nueva edici\u00f3n de Planeta, con pr\u00f3logo de Francisco de Roux.<\/p>\n<\/div>\n\n<div class=\"gb-loop-item gb-loop-item-64d778c2 post-7674 post type-post status-publish format-standard has-post-thumbnail hentry category-actualidad tag-catalina-castro-blanchet tag-el-colombiano tag-german-castro-caycedo tag-la-noche-de-las-lanzas tag-libros tag-mi-padre-german-castro-caycedo tag-revista-generaciones\">\n<img loading=\"lazy\" decoding=\"async\" width=\"750\" height=\"350\" data-media-id=\"5502\" class=\"gb-media-6c5b60b9\" src=\"https:\/\/germancastrocaycedo.co\/portal\/wp-content\/uploads\/2024\/07\/enviado-especial-cerrejon-4.jpg\" alt=\"Germ\u00e1n Castro Caycedo, el cacique blanco que se enmanigu\u00f3\" srcset=\"https:\/\/germancastrocaycedo.co\/portal\/wp-content\/uploads\/2024\/07\/enviado-especial-cerrejon-4.jpg 750w, https:\/\/germancastrocaycedo.co\/portal\/wp-content\/uploads\/2024\/07\/enviado-especial-cerrejon-4-300x140.jpg 300w, https:\/\/germancastrocaycedo.co\/portal\/wp-content\/uploads\/2024\/07\/enviado-especial-cerrejon-4-170x79.jpg 170w\" sizes=\"auto, (max-width: 750px) 100vw, 750px\" title=\"\">\n\n\n\n<h2 class=\"gb-text gb-text-c96a1767\"><a href=\"https:\/\/germancastrocaycedo.co\/portal\/2026\/08\/31\/german-castro-caycedo-el-cacique-blanco-que-se-enmaniguo\/\">Germ\u00e1n Castro Caycedo, el cacique blanco que se enmanigu\u00f3<\/a><\/h2>\n\n\n\n<p class=\"gb-text gb-text-13344071\">31 agosto, 2026<\/p>\n\n\n\n<p class=\"gb-text\">A cinco a\u00f1os de la muerte de Germ\u00e1n Castro Caycedo, su hija, Catalina Castro Blanchet, recuerda en la Revista Generaciones los viajes que hizo junto a su padre por la Amazon\u00eda y habla de la nueva edici\u00f3n de La noche de las lanzas.<\/p>\n<\/div>\n\n<div class=\"gb-loop-item gb-loop-item-64d778c2 post-7688 post type-post status-publish format-standard has-post-thumbnail hentry category-actualidad tag-297 tag-298\">\n<img loading=\"lazy\" decoding=\"async\" width=\"1200\" height=\"350\" data-media-id=\"4633\" class=\"gb-media-6c5b60b9\" src=\"https:\/\/germancastrocaycedo.co\/portal\/wp-content\/uploads\/2022\/03\/Foto-pagina.jpg\" alt=\"Cinco razones para leer a Germ\u00e1n Castro Caycedo: por Editorial Planeta\" srcset=\"https:\/\/germancastrocaycedo.co\/portal\/wp-content\/uploads\/2022\/03\/Foto-pagina.jpg 1200w, https:\/\/germancastrocaycedo.co\/portal\/wp-content\/uploads\/2022\/03\/Foto-pagina-300x88.jpg 300w, https:\/\/germancastrocaycedo.co\/portal\/wp-content\/uploads\/2022\/03\/Foto-pagina-1024x299.jpg 1024w, https:\/\/germancastrocaycedo.co\/portal\/wp-content\/uploads\/2022\/03\/Foto-pagina-768x224.jpg 768w, https:\/\/germancastrocaycedo.co\/portal\/wp-content\/uploads\/2022\/03\/Foto-pagina-1140x333.jpg 1140w, https:\/\/germancastrocaycedo.co\/portal\/wp-content\/uploads\/2022\/03\/Foto-pagina-170x50.jpg 170w\" sizes=\"auto, (max-width: 1200px) 100vw, 1200px\" title=\"\">\n\n\n\n<h2 class=\"gb-text gb-text-c96a1767\"><a href=\"https:\/\/germancastrocaycedo.co\/portal\/2026\/08\/22\/cinco-razones-para-leer-a-german-castro-caycedo-por-editorial-planeta\/\">Cinco razones para leer a Germ\u00e1n Castro Caycedo: por Editorial Planeta<\/a><\/h2>\n\n\n\n<p class=\"gb-text gb-text-13344071\">22 agosto, 2026<\/p>\n\n\n\n<p class=\"gb-text\">Editorial Planeta public\u00f3 un video con las cinco principales razones para leer la amplia obra de Germ\u00e1n Castro Caycedo en el quinto aniversario de su fallecimiento.<\/p>\n<\/div>\n\n<div class=\"gb-loop-item gb-loop-item-64d778c2 post-7666 post type-post status-publish format-standard has-post-thumbnail hentry category-sin-categoria\">\n<img loading=\"lazy\" decoding=\"async\" width=\"750\" height=\"350\" data-media-id=\"4514\" class=\"gb-media-6c5b60b9\" src=\"https:\/\/germancastrocaycedo.co\/portal\/wp-content\/uploads\/2021\/08\/el-espectador-entrevista-lopez-zuleta.jpeg\" alt=\"Germ\u00e1n Castro Caycedo, cinco a\u00f1os despu\u00e9s de su muerte: publicado en la Revista Cambio\" srcset=\"https:\/\/germancastrocaycedo.co\/portal\/wp-content\/uploads\/2021\/08\/el-espectador-entrevista-lopez-zuleta.jpeg 750w, https:\/\/germancastrocaycedo.co\/portal\/wp-content\/uploads\/2021\/08\/el-espectador-entrevista-lopez-zuleta-300x140.jpeg 300w, https:\/\/germancastrocaycedo.co\/portal\/wp-content\/uploads\/2021\/08\/el-espectador-entrevista-lopez-zuleta-170x79.jpeg 170w\" sizes=\"auto, (max-width: 750px) 100vw, 750px\" title=\"\">\n\n\n\n<h2 class=\"gb-text gb-text-c96a1767\"><a href=\"https:\/\/germancastrocaycedo.co\/portal\/2026\/08\/22\/german-castro-caycedo-cinco-anos-despues-de-su-muerte-revista-cambio\/\">Germ\u00e1n Castro Caycedo, cinco a\u00f1os despu\u00e9s de su muerte: publicado en la Revista Cambio<\/a><\/h2>\n\n\n\n<p class=\"gb-text gb-text-13344071\">22 agosto, 2026<\/p>\n\n\n\n<p class=\"gb-text\">Revista Cambio registr\u00f3 la reedici\u00f3n de obras de Germ\u00e1n Castro Caycedo: \u2018Perdido en el Amazonas\u2019, \u2018Mi alma se la dejo al diablo\u2019, \u2018La bruja\u2019 y \u2018La noche de las lanzas\u2019.<\/p>\n<\/div>\n<\/div><\/div>\n\n\n\n<div style=\"height:48px\" aria-hidden=\"true\" class=\"wp-block-spacer\"><\/div>\n\n\n\n<div>\n<div class=\"wp-block-columns is-layout-flex wp-container-core-columns-is-layout-8f761849 wp-block-columns-is-layout-flex\">\n<div class=\"wp-block-column is-layout-flow wp-block-column-is-layout-flow\"><\/div>\n\n\n\n<div class=\"wp-block-column is-layout-flow wp-block-column-is-layout-flow\">\n<div class=\"wp-block-buttons is-content-justification-center is-layout-flex wp-container-core-buttons-is-layout-fe48e5de wp-block-buttons-is-layout-flex\">\n<div class=\"wp-block-button\"><a class=\"wp-block-button__link has-text-align-center wp-element-button\"><strong>Ver m\u00e1s&#8230;<\/strong><\/a><\/div>\n<\/div>\n<\/div>\n\n\n\n<div class=\"wp-block-column is-layout-flow wp-block-column-is-layout-flow\"><\/div>\n<\/div>\n<\/div>\n\n\n\n<hr class=\"wp-block-separator has-text-color has-base-3-color has-alpha-channel-opacity has-base-3-background-color has-background\"\/>\n\n\n\n<h1 class=\"wp-block-heading has-text-align-center has-base-3-color has-text-color has-background has-link-color has-x-large-font-size wp-elements-15\" style=\"background-color:#b5502f\">Libros<\/h1>\n\n\n\n<p class=\"has-text-align-center wp-block-paragraph\">Seleccione una d\u00e9cada y encontrar\u00e1 las publicaciones. Si nos lee desde un tel\u00e9fono m\u00f3vil, mueva las pesta\u00f1as de derecha a izquierda para encontrar las d\u00e9cadas recientes.<\/p>\n\n\n\n<div class=\"gb-tabs gb-tabs-3f107ca9\" data-opened-tab=\"1\">\n<div class=\"gb-tabs__menu gb-tabs__menu-e415863a\" role=\"tablist\">\n<div tabindex=\"0\" class=\"gb-tabs__menu-item gb-tabs__menu-item-9f5c4d41 gb-block-is-current\" role=\"tab\" id=\"gb-tab-menu-item-9f5c4d41\">\n<span class=\"gb-text gb-text-ab688d89\">1970<\/span>\n<\/div>\n\n\n\n<div tabindex=\"0\" class=\"gb-tabs__menu-item gb-tabs__menu-item-8400769b gb-block-is-current\" role=\"tab\" id=\"gb-tab-menu-item-8400769b\">\n<span class=\"gb-text gb-text-172b313c\">1980<\/span>\n<\/div>\n\n\n\n<div tabindex=\"0\" class=\"gb-tabs__menu-item gb-tabs__menu-item-c13bf199\" role=\"tab\" id=\"gb-tab-menu-item-c13bf199\">\n<span class=\"gb-text gb-text-2f01a5db\">1990<\/span>\n<\/div>\n\n\n\n<div tabindex=\"0\" class=\"gb-tabs__menu-item gb-tabs__menu-item-66e1b5cb\" role=\"tab\" id=\"gb-tab-menu-item-66e1b5cb\">\n<span class=\"gb-text gb-text-c3785bdc\">2000<\/span>\n<\/div>\n\n\n\n<div tabindex=\"0\" class=\"gb-tabs__menu-item gb-tabs__menu-item-5bdbb973\" role=\"tab\" id=\"gb-tab-menu-item-5bdbb973\">\n<span class=\"gb-text gb-text-0cbd926f\">2010<\/span>\n<\/div>\n<\/div>\n\n\n\n<div class=\"gb-tabs__items gb-tabs__items-67a15c26\">\n<div class=\"gb-tabs__item gb-tabs__item-bfe95925 gb-tabs__item-open\" role=\"tabpanel\" id=\"gb-tab-item-bfe95925\">\n<div class=\"gb-element-49e06bad\">\n<div>\n<figure class=\"wp-block-image size-full\"><a href=\"https:\/\/germancastrocaycedo.co\/portal\/story\/prueba\/\"><img loading=\"lazy\" decoding=\"async\" width=\"512\" height=\"768\" src=\"https:\/\/germancastrocaycedo.co\/portal\/wp-content\/uploads\/2026\/07\/Colombia_Amarga_German_Castro_Caycedo.png\" alt=\"\" class=\"wp-image-7088\" title=\"\" srcset=\"https:\/\/germancastrocaycedo.co\/portal\/wp-content\/uploads\/2026\/07\/Colombia_Amarga_German_Castro_Caycedo.png 512w, https:\/\/germancastrocaycedo.co\/portal\/wp-content\/uploads\/2026\/07\/Colombia_Amarga_German_Castro_Caycedo-200x300.png 200w\" sizes=\"auto, (max-width: 512px) 100vw, 512px\" \/><\/a><\/figure>\n\n\n\n<h1 class=\"wp-block-heading has-text-align-center\" style=\"font-size:24px\">Colombia amarga<\/h1>\n\n\n\n<p class=\"has-text-align-center wp-block-paragraph\">1976<\/p>\n<\/div>\n\n\n\n<div>\n<figure class=\"wp-block-image size-full\"><a href=\"https:\/\/germancastrocaycedo.co\/portal\/story\/perdido-en-el-amazonas\/\"><img loading=\"lazy\" decoding=\"async\" width=\"512\" height=\"768\" src=\"https:\/\/germancastrocaycedo.co\/portal\/wp-content\/uploads\/2026\/07\/perdido_en_el_amazonas_german_castro_caycedo.png\" alt=\"\" class=\"wp-image-7089\" title=\"\" srcset=\"https:\/\/germancastrocaycedo.co\/portal\/wp-content\/uploads\/2026\/07\/perdido_en_el_amazonas_german_castro_caycedo.png 512w, https:\/\/germancastrocaycedo.co\/portal\/wp-content\/uploads\/2026\/07\/perdido_en_el_amazonas_german_castro_caycedo-200x300.png 200w\" sizes=\"auto, (max-width: 512px) 100vw, 512px\" \/><\/a><\/figure>\n\n\n\n<h1 class=\"wp-block-heading has-text-align-center\" style=\"font-size:24px\">Perdido en el amazonas<\/h1>\n\n\n\n<p class=\"has-text-align-center wp-block-paragraph\">1978<\/p>\n<\/div>\n<\/div>\n<\/div>\n\n\n\n<div class=\"gb-tabs__item gb-tabs__item-231173aa\" role=\"tabpanel\" id=\"gb-tab-item-231173aa\">\n<div class=\"gb-element-92c76770\">\n<div>\n<figure class=\"wp-block-gallery has-nested-images columns-default is-cropped wp-block-gallery-1 is-layout-flex wp-block-gallery-is-layout-flex\">\n<figure class=\"wp-block-image size-full\"><a href=\"https:\/\/germancastrocaycedo.co\/portal\/story\/del-eln-al-m-19-once-anos-de-lucha-guerrillera\/\"><img loading=\"lazy\" decoding=\"async\" width=\"512\" height=\"768\" data-id=\"7109\" src=\"https:\/\/germancastrocaycedo.co\/portal\/wp-content\/uploads\/2026\/07\/Del-ELN-al-M19_11-an\u0303os-de-lucha-guerrillera_German_Castro_Caycedo-1.png\" alt=\"\" class=\"wp-image-7109\" title=\"\" srcset=\"https:\/\/germancastrocaycedo.co\/portal\/wp-content\/uploads\/2026\/07\/Del-ELN-al-M19_11-an\u0303os-de-lucha-guerrillera_German_Castro_Caycedo-1.png 512w, https:\/\/germancastrocaycedo.co\/portal\/wp-content\/uploads\/2026\/07\/Del-ELN-al-M19_11-an\u0303os-de-lucha-guerrillera_German_Castro_Caycedo-1-200x300.png 200w\" sizes=\"auto, (max-width: 512px) 100vw, 512px\" \/><\/a><\/figure>\n<\/figure>\n\n\n\n<h1 class=\"wp-block-heading has-text-align-center\" style=\"font-size:24px\">Del ELN al M-19: 11 a\u00f1os de lucha guerrillera<\/h1>\n\n\n\n<p class=\"has-text-align-center wp-block-paragraph\">1980<\/p>\n<\/div>\n\n\n\n<div>\n<figure class=\"wp-block-gallery has-nested-images columns-default is-cropped wp-block-gallery-2 is-layout-flex wp-block-gallery-is-layout-flex\">\n<figure class=\"wp-block-image size-large\"><a href=\"https:\/\/germancastrocaycedo.co\/portal\/story\/mi-alma-se-la-dejo-al-diablo\/\"><img loading=\"lazy\" decoding=\"async\" width=\"512\" height=\"768\" data-id=\"7091\" src=\"https:\/\/germancastrocaycedo.co\/portal\/wp-content\/uploads\/2026\/07\/Mi-alma-se-la-dejo-al-diablo_German-Castro-Caycedo.png\" alt=\"\" class=\"wp-image-7091\" title=\"\" srcset=\"https:\/\/germancastrocaycedo.co\/portal\/wp-content\/uploads\/2026\/07\/Mi-alma-se-la-dejo-al-diablo_German-Castro-Caycedo.png 512w, https:\/\/germancastrocaycedo.co\/portal\/wp-content\/uploads\/2026\/07\/Mi-alma-se-la-dejo-al-diablo_German-Castro-Caycedo-200x300.png 200w\" sizes=\"auto, (max-width: 512px) 100vw, 512px\" \/><\/a><\/figure>\n<\/figure>\n\n\n\n<h1 class=\"wp-block-heading\" style=\"font-size:24px\">Mi alma se la dejo al diablo<\/h1>\n\n\n\n<p class=\"has-text-align-center wp-block-paragraph\">1982<\/p>\n<\/div>\n\n\n\n<div>\n<figure class=\"wp-block-gallery has-nested-images columns-default is-cropped wp-block-gallery-3 is-layout-flex wp-block-gallery-is-layout-flex\">\n<figure class=\"wp-block-image size-large\"><a href=\"https:\/\/germancastrocaycedo.co\/portal\/story\/el-karina\/\"><img loading=\"lazy\" decoding=\"async\" width=\"512\" height=\"768\" data-id=\"7092\" src=\"https:\/\/germancastrocaycedo.co\/portal\/wp-content\/uploads\/2026\/07\/El-Karina_Germa\u0301n-Castro-Caycedo.png\" alt=\"\" class=\"wp-image-7092\" title=\"\" srcset=\"https:\/\/germancastrocaycedo.co\/portal\/wp-content\/uploads\/2026\/07\/El-Karina_Germa\u0301n-Castro-Caycedo.png 512w, https:\/\/germancastrocaycedo.co\/portal\/wp-content\/uploads\/2026\/07\/El-Karina_Germa\u0301n-Castro-Caycedo-200x300.png 200w\" sizes=\"auto, (max-width: 512px) 100vw, 512px\" \/><\/a><\/figure>\n<\/figure>\n\n\n\n<h1 class=\"wp-block-heading has-text-align-center\" style=\"font-size:24px\">El Karina<\/h1>\n\n\n\n<p class=\"has-text-align-center wp-block-paragraph\">1985<\/p>\n<\/div>\n\n\n\n<div>\n<figure class=\"wp-block-image size-full\"><a href=\"https:\/\/germancastrocaycedo.co\/portal\/story\/el-hueco\/\"><img loading=\"lazy\" decoding=\"async\" width=\"512\" height=\"768\" src=\"https:\/\/germancastrocaycedo.co\/portal\/wp-content\/uploads\/2026\/07\/El-hueco_Germa\u0301n-Castro-Caycedo.png\" alt=\"\" class=\"wp-image-7093\" title=\"\" srcset=\"https:\/\/germancastrocaycedo.co\/portal\/wp-content\/uploads\/2026\/07\/El-hueco_Germa\u0301n-Castro-Caycedo.png 512w, https:\/\/germancastrocaycedo.co\/portal\/wp-content\/uploads\/2026\/07\/El-hueco_Germa\u0301n-Castro-Caycedo-200x300.png 200w\" sizes=\"auto, (max-width: 512px) 100vw, 512px\" \/><\/a><\/figure>\n\n\n\n<h1 class=\"wp-block-heading has-text-align-center\" style=\"font-size:24px\">El hueco<\/h1>\n\n\n\n<p class=\"has-text-align-center wp-block-paragraph\">1989<\/p>\n<\/div>\n\n\n\n<div>\n<figure class=\"wp-block-image size-full\"><a href=\"https:\/\/germancastrocaycedo.co\/portal\/story\/el-cachalandran-amarillo\/\"><img loading=\"lazy\" decoding=\"async\" width=\"512\" height=\"768\" src=\"https:\/\/germancastrocaycedo.co\/portal\/wp-content\/uploads\/2026\/07\/El-cachalandran-amarillo_german-castro-caycedo.png\" alt=\"\" class=\"wp-image-7094\" title=\"\" srcset=\"https:\/\/germancastrocaycedo.co\/portal\/wp-content\/uploads\/2026\/07\/El-cachalandran-amarillo_german-castro-caycedo.png 512w, https:\/\/germancastrocaycedo.co\/portal\/wp-content\/uploads\/2026\/07\/El-cachalandran-amarillo_german-castro-caycedo-200x300.png 200w\" sizes=\"auto, (max-width: 512px) 100vw, 512px\" \/><\/a><\/figure>\n\n\n\n<h1 class=\"wp-block-heading has-text-align-center\" style=\"font-size:24px\">El cachalandr\u00e1n amarillo<\/h1>\n\n\n\n<p class=\"has-text-align-center wp-block-paragraph\">1989<\/p>\n<\/div>\n<\/div>\n<\/div>\n\n\n\n<div class=\"gb-tabs__item gb-tabs__item-86cf54ef\" role=\"tabpanel\" id=\"gb-tab-item-86cf54ef\">\n<div class=\"gb-element-e6d1f3a0\">\n<div>\n<figure class=\"wp-block-gallery has-nested-images columns-default is-cropped wp-block-gallery-4 is-layout-flex wp-block-gallery-is-layout-flex\">\n<figure class=\"wp-block-image size-large\"><a href=\"https:\/\/germancastrocaycedo.co\/portal\/story\/el-hurakan\/\"><img loading=\"lazy\" decoding=\"async\" width=\"512\" height=\"768\" data-id=\"7106\" src=\"https:\/\/germancastrocaycedo.co\/portal\/wp-content\/uploads\/2026\/07\/7-2.png\" alt=\"\" class=\"wp-image-7106\" title=\"\" srcset=\"https:\/\/germancastrocaycedo.co\/portal\/wp-content\/uploads\/2026\/07\/7-2.png 512w, https:\/\/germancastrocaycedo.co\/portal\/wp-content\/uploads\/2026\/07\/7-2-200x300.png 200w\" sizes=\"auto, (max-width: 512px) 100vw, 512px\" \/><\/a><\/figure>\n<\/figure>\n\n\n\n<h1 class=\"wp-block-heading has-text-align-center\" style=\"font-size:24px\">El hurak\u00e1n<\/h1>\n\n\n\n<p class=\"has-text-align-center wp-block-paragraph\">1991<\/p>\n<\/div>\n\n\n\n<div>\n<figure class=\"wp-block-gallery has-nested-images columns-default is-cropped wp-block-gallery-5 is-layout-flex wp-block-gallery-is-layout-flex\">\n<figure class=\"wp-block-image size-full\"><a href=\"https:\/\/germancastrocaycedo.co\/portal\/story\/la-bruja\/\"><img loading=\"lazy\" decoding=\"async\" width=\"512\" height=\"768\" data-id=\"7114\" src=\"https:\/\/germancastrocaycedo.co\/portal\/wp-content\/uploads\/2026\/07\/6.png\" alt=\"\" class=\"wp-image-7114\" title=\"\" srcset=\"https:\/\/germancastrocaycedo.co\/portal\/wp-content\/uploads\/2026\/07\/6.png 512w, https:\/\/germancastrocaycedo.co\/portal\/wp-content\/uploads\/2026\/07\/6-200x300.png 200w\" sizes=\"auto, (max-width: 512px) 100vw, 512px\" \/><\/a><\/figure>\n<\/figure>\n\n\n\n<h1 class=\"wp-block-heading has-text-align-center\" style=\"font-size:24px\">La bruja<\/h1>\n\n\n\n<p class=\"has-text-align-center wp-block-paragraph\">1994<\/p>\n<\/div>\n\n\n\n<div>\n<figure class=\"wp-block-gallery has-nested-images columns-default is-cropped wp-block-gallery-6 is-layout-flex wp-block-gallery-is-layout-flex\">\n<figure class=\"wp-block-image size-full\"><a href=\"https:\/\/germancastrocaycedo.co\/portal\/story\/en-secreto\/\"><img loading=\"lazy\" decoding=\"async\" width=\"512\" height=\"768\" data-id=\"7115\" src=\"https:\/\/germancastrocaycedo.co\/portal\/wp-content\/uploads\/2026\/07\/11.png\" alt=\"\" class=\"wp-image-7115\" title=\"\" srcset=\"https:\/\/germancastrocaycedo.co\/portal\/wp-content\/uploads\/2026\/07\/11.png 512w, https:\/\/germancastrocaycedo.co\/portal\/wp-content\/uploads\/2026\/07\/11-200x300.png 200w\" sizes=\"auto, (max-width: 512px) 100vw, 512px\" \/><\/a><\/figure>\n<\/figure>\n\n\n\n<h1 class=\"wp-block-heading has-text-align-center\" style=\"font-size:24px\">En secreto<\/h1>\n\n\n\n<p class=\"has-text-align-center wp-block-paragraph\">1996<\/p>\n<\/div>\n\n\n\n<div>\n<figure class=\"wp-block-image size-full\"><a href=\"https:\/\/germancastrocaycedo.co\/portal\/story\/el-alcaravan\/\"><img loading=\"lazy\" decoding=\"async\" width=\"512\" height=\"768\" src=\"https:\/\/germancastrocaycedo.co\/portal\/wp-content\/uploads\/2026\/07\/13.png\" alt=\"\" class=\"wp-image-7116\" title=\"\" srcset=\"https:\/\/germancastrocaycedo.co\/portal\/wp-content\/uploads\/2026\/07\/13.png 512w, https:\/\/germancastrocaycedo.co\/portal\/wp-content\/uploads\/2026\/07\/13-200x300.png 200w\" sizes=\"auto, (max-width: 512px) 100vw, 512px\" \/><\/a><\/figure>\n\n\n\n<h1 class=\"wp-block-heading has-text-align-center\" style=\"font-size:24px\">El alcarav\u00e1n<\/h1>\n\n\n\n<p class=\"has-text-align-center wp-block-paragraph\">1996<\/p>\n<\/div>\n\n\n\n<div>\n<figure class=\"wp-block-image size-full\"><a href=\"https:\/\/germancastrocaycedo.co\/portal\/story\/la-muerte-de-giaccomo-turra\/\"><img loading=\"lazy\" decoding=\"async\" width=\"512\" height=\"768\" src=\"https:\/\/germancastrocaycedo.co\/portal\/wp-content\/uploads\/2026\/07\/9.png\" alt=\"\" class=\"wp-image-7117\" title=\"\" srcset=\"https:\/\/germancastrocaycedo.co\/portal\/wp-content\/uploads\/2026\/07\/9.png 512w, https:\/\/germancastrocaycedo.co\/portal\/wp-content\/uploads\/2026\/07\/9-200x300.png 200w\" sizes=\"auto, (max-width: 512px) 100vw, 512px\" \/><\/a><\/figure>\n\n\n\n<h1 class=\"wp-block-heading has-text-align-center\" style=\"font-size:24px\">La muerte de Giaccomo Turra<\/h1>\n\n\n\n<p class=\"has-text-align-center wp-block-paragraph\">1997<\/p>\n<\/div>\n\n\n\n<div>\n<figure class=\"wp-block-image size-full\"><a href=\"https:\/\/germancastrocaycedo.co\/portal\/story\/hagase-tu-voluntad\/\"><img loading=\"lazy\" decoding=\"async\" width=\"512\" height=\"768\" src=\"https:\/\/germancastrocaycedo.co\/portal\/wp-content\/uploads\/2026\/07\/10.png\" alt=\"\" class=\"wp-image-7118\" title=\"\" srcset=\"https:\/\/germancastrocaycedo.co\/portal\/wp-content\/uploads\/2026\/07\/10.png 512w, https:\/\/germancastrocaycedo.co\/portal\/wp-content\/uploads\/2026\/07\/10-200x300.png 200w\" sizes=\"auto, (max-width: 512px) 100vw, 512px\" \/><\/a><\/figure>\n\n\n\n<h1 class=\"wp-block-heading has-text-align-center\" style=\"font-size:24px\">H\u00e1gase tu voluntad<\/h1>\n\n\n\n<p class=\"has-text-align-center wp-block-paragraph\">1998<\/p>\n<\/div>\n\n\n\n<div>\n<figure class=\"wp-block-image size-full\"><a href=\"https:\/\/germancastrocaycedo.co\/portal\/story\/colombia-x\/\"><img loading=\"lazy\" decoding=\"async\" width=\"512\" height=\"768\" src=\"https:\/\/germancastrocaycedo.co\/portal\/wp-content\/uploads\/2026\/07\/8.png\" alt=\"\" class=\"wp-image-7119\" title=\"\" srcset=\"https:\/\/germancastrocaycedo.co\/portal\/wp-content\/uploads\/2026\/07\/8.png 512w, https:\/\/germancastrocaycedo.co\/portal\/wp-content\/uploads\/2026\/07\/8-200x300.png 200w\" sizes=\"auto, (max-width: 512px) 100vw, 512px\" \/><\/a><\/figure>\n\n\n\n<h1 class=\"wp-block-heading has-text-align-center\" style=\"font-size:24px\">Colombia X<\/h1>\n\n\n\n<p class=\"has-text-align-center wp-block-paragraph\">1999<\/p>\n<\/div>\n<\/div>\n<\/div>\n\n\n\n<div class=\"gb-tabs__item gb-tabs__item-87291618\" role=\"tabpanel\" id=\"gb-tab-item-87291618\">\n<div class=\"gb-element-1bc094b1\">\n<div>\n<figure class=\"wp-block-image size-full\"><a href=\"https:\/\/germancastrocaycedo.co\/portal\/story\/candelaria\/\"><img loading=\"lazy\" decoding=\"async\" width=\"512\" height=\"768\" src=\"https:\/\/germancastrocaycedo.co\/portal\/wp-content\/uploads\/2026\/07\/Candelaria.png\" alt=\"\" class=\"wp-image-7126\" title=\"\" srcset=\"https:\/\/germancastrocaycedo.co\/portal\/wp-content\/uploads\/2026\/07\/Candelaria.png 512w, https:\/\/germancastrocaycedo.co\/portal\/wp-content\/uploads\/2026\/07\/Candelaria-200x300.png 200w\" sizes=\"auto, (max-width: 512px) 100vw, 512px\" \/><\/a><\/figure>\n\n\n\n<h1 class=\"wp-block-heading has-text-align-center\" style=\"font-size:24px\">Candelaria<\/h1>\n\n\n\n<p class=\"has-text-align-center wp-block-paragraph\">2000<\/p>\n<\/div>\n\n\n\n<div>\n<figure class=\"wp-block-image size-full\"><a href=\"https:\/\/germancastrocaycedo.co\/portal\/story\/con-las-manos-en-alto\/\"><img loading=\"lazy\" decoding=\"async\" width=\"512\" height=\"768\" src=\"https:\/\/germancastrocaycedo.co\/portal\/wp-content\/uploads\/2026\/07\/14.png\" alt=\"\" class=\"wp-image-7127\" title=\"\" srcset=\"https:\/\/germancastrocaycedo.co\/portal\/wp-content\/uploads\/2026\/07\/14.png 512w, https:\/\/germancastrocaycedo.co\/portal\/wp-content\/uploads\/2026\/07\/14-200x300.png 200w\" sizes=\"auto, (max-width: 512px) 100vw, 512px\" \/><\/a><\/figure>\n\n\n\n<h1 class=\"wp-block-heading has-text-align-center\" style=\"font-size:24px\">Con las manos en alto<\/h1>\n\n\n\n<p class=\"has-text-align-center wp-block-paragraph\">2001<\/p>\n<\/div>\n\n\n\n<div>\n<figure class=\"wp-block-image size-full\"><a href=\"https:\/\/germancastrocaycedo.co\/portal\/story\/sin-tregua\/\"><img loading=\"lazy\" decoding=\"async\" width=\"512\" height=\"768\" src=\"https:\/\/germancastrocaycedo.co\/portal\/wp-content\/uploads\/2026\/07\/15.png\" alt=\"\" class=\"wp-image-7128\" title=\"\" srcset=\"https:\/\/germancastrocaycedo.co\/portal\/wp-content\/uploads\/2026\/07\/15.png 512w, https:\/\/germancastrocaycedo.co\/portal\/wp-content\/uploads\/2026\/07\/15-200x300.png 200w\" sizes=\"auto, (max-width: 512px) 100vw, 512px\" \/><\/a><\/figure>\n\n\n\n<h1 class=\"wp-block-heading has-text-align-center\" style=\"font-size:24px\">Sin tregua<\/h1>\n\n\n\n<p class=\"has-text-align-center wp-block-paragraph\">2003<\/p>\n<\/div>\n\n\n\n<div>\n<figure class=\"wp-block-image size-full\"><a href=\"https:\/\/germancastrocaycedo.co\/portal\/story\/mas-alla-de-la-noche\/\"><img loading=\"lazy\" decoding=\"async\" width=\"512\" height=\"768\" src=\"https:\/\/germancastrocaycedo.co\/portal\/wp-content\/uploads\/2026\/07\/17.png\" alt=\"\" class=\"wp-image-7129\" title=\"\" srcset=\"https:\/\/germancastrocaycedo.co\/portal\/wp-content\/uploads\/2026\/07\/17.png 512w, https:\/\/germancastrocaycedo.co\/portal\/wp-content\/uploads\/2026\/07\/17-200x300.png 200w\" sizes=\"auto, (max-width: 512px) 100vw, 512px\" \/><\/a><\/figure>\n\n\n\n<h1 class=\"wp-block-heading has-text-align-center\" style=\"font-size:24px\">M\u00e1s all\u00e1 de la noche<\/h1>\n\n\n\n<p class=\"has-text-align-center wp-block-paragraph\">2004<\/p>\n<\/div>\n\n\n\n<div>\n<figure class=\"wp-block-image size-full\"><a href=\"https:\/\/germancastrocaycedo.co\/portal\/story\/que-la-muerte-espere\/\"><img loading=\"lazy\" decoding=\"async\" width=\"512\" height=\"768\" src=\"https:\/\/germancastrocaycedo.co\/portal\/wp-content\/uploads\/2026\/07\/16.png\" alt=\"\" class=\"wp-image-7130\" title=\"\" srcset=\"https:\/\/germancastrocaycedo.co\/portal\/wp-content\/uploads\/2026\/07\/16.png 512w, https:\/\/germancastrocaycedo.co\/portal\/wp-content\/uploads\/2026\/07\/16-200x300.png 200w\" sizes=\"auto, (max-width: 512px) 100vw, 512px\" \/><\/a><\/figure>\n\n\n\n<h1 class=\"wp-block-heading has-text-align-center\" style=\"font-size:24px\">Que la muerte espere<\/h1>\n\n\n\n<p class=\"has-text-align-center wp-block-paragraph\">2005<\/p>\n<\/div>\n\n\n\n<div>\n<figure class=\"wp-block-image size-full\"><a href=\"https:\/\/germancastrocaycedo.co\/portal\/story\/el-palacio-sin-mascara\/\"><img loading=\"lazy\" decoding=\"async\" width=\"512\" height=\"768\" src=\"https:\/\/germancastrocaycedo.co\/portal\/wp-content\/uploads\/2026\/07\/18.png\" alt=\"\" class=\"wp-image-7131\" title=\"\" srcset=\"https:\/\/germancastrocaycedo.co\/portal\/wp-content\/uploads\/2026\/07\/18.png 512w, https:\/\/germancastrocaycedo.co\/portal\/wp-content\/uploads\/2026\/07\/18-200x300.png 200w\" sizes=\"auto, (max-width: 512px) 100vw, 512px\" \/><\/a><\/figure>\n\n\n\n<h1 class=\"wp-block-heading has-text-align-center\" style=\"font-size:24px\">El palacio sin m\u00e1scara<\/h1>\n\n\n\n<p class=\"has-text-align-center wp-block-paragraph\">2008<\/p>\n<\/div>\n<\/div>\n<\/div>\n\n\n\n<div class=\"gb-tabs__item gb-tabs__item-60c4cfa0\" role=\"tabpanel\" id=\"gb-tab-item-60c4cfa0\">\n<div class=\"gb-element-50d91bd8\">\n<div>\n<figure class=\"wp-block-image size-full\"><a href=\"https:\/\/germancastrocaycedo.co\/portal\/story\/objetivo-4\/\"><img loading=\"lazy\" decoding=\"async\" width=\"512\" height=\"768\" src=\"https:\/\/germancastrocaycedo.co\/portal\/wp-content\/uploads\/2026\/07\/19.png\" alt=\"\" class=\"wp-image-7137\" title=\"\" srcset=\"https:\/\/germancastrocaycedo.co\/portal\/wp-content\/uploads\/2026\/07\/19.png 512w, https:\/\/germancastrocaycedo.co\/portal\/wp-content\/uploads\/2026\/07\/19-200x300.png 200w\" sizes=\"auto, (max-width: 512px) 100vw, 512px\" \/><\/a><\/figure>\n\n\n\n<h1 class=\"wp-block-heading has-text-align-center\" style=\"font-size:24px\">Objetivo 4<\/h1>\n\n\n\n<p class=\"has-text-align-center wp-block-paragraph\">2010<\/p>\n<\/div>\n\n\n\n<div>\n<figure class=\"wp-block-image size-full\"><a href=\"https:\/\/germancastrocaycedo.co\/portal\/story\/operacion-pablo-escobar\/\"><img loading=\"lazy\" decoding=\"async\" width=\"512\" height=\"768\" src=\"https:\/\/germancastrocaycedo.co\/portal\/wp-content\/uploads\/2026\/07\/Operacion_pablo_escobar.png\" alt=\"\" class=\"wp-image-7143\" title=\"\" srcset=\"https:\/\/germancastrocaycedo.co\/portal\/wp-content\/uploads\/2026\/07\/Operacion_pablo_escobar.png 512w, https:\/\/germancastrocaycedo.co\/portal\/wp-content\/uploads\/2026\/07\/Operacion_pablo_escobar-200x300.png 200w\" sizes=\"auto, (max-width: 512px) 100vw, 512px\" \/><\/a><\/figure>\n\n\n\n<h1 class=\"wp-block-heading has-text-align-center\" style=\"font-size:24px\">Operaci\u00f3n Pablo Escobar<\/h1>\n\n\n\n<p class=\"has-text-align-center wp-block-paragraph\">2012<\/p>\n<\/div>\n\n\n\n<div>\n<figure class=\"wp-block-image size-full\"><a href=\"https:\/\/germancastrocaycedo.co\/portal\/story\/la-tormenta\/\"><img loading=\"lazy\" decoding=\"async\" width=\"512\" height=\"768\" src=\"https:\/\/germancastrocaycedo.co\/portal\/wp-content\/uploads\/2026\/07\/La-tormenta.png\" alt=\"\" class=\"wp-image-7141\" title=\"\" srcset=\"https:\/\/germancastrocaycedo.co\/portal\/wp-content\/uploads\/2026\/07\/La-tormenta.png 512w, https:\/\/germancastrocaycedo.co\/portal\/wp-content\/uploads\/2026\/07\/La-tormenta-200x300.png 200w\" sizes=\"auto, (max-width: 512px) 100vw, 512px\" \/><\/a><\/figure>\n\n\n\n<h1 class=\"wp-block-heading has-text-align-center\" style=\"font-size:24px\">La tormenta<\/h1>\n\n\n\n<p class=\"has-text-align-center wp-block-paragraph\">2014<\/p>\n<\/div>\n\n\n\n<div>\n<figure class=\"wp-block-image size-full\"><a href=\"https:\/\/germancastrocaycedo.co\/portal\/story\/nuestra-guerra-ajena\/\"><img loading=\"lazy\" decoding=\"async\" width=\"512\" height=\"768\" src=\"https:\/\/germancastrocaycedo.co\/portal\/wp-content\/uploads\/2026\/07\/20.png\" alt=\"\" class=\"wp-image-7142\" title=\"\" srcset=\"https:\/\/germancastrocaycedo.co\/portal\/wp-content\/uploads\/2026\/07\/20.png 512w, https:\/\/germancastrocaycedo.co\/portal\/wp-content\/uploads\/2026\/07\/20-200x300.png 200w\" sizes=\"auto, (max-width: 512px) 100vw, 512px\" \/><\/a><\/figure>\n\n\n\n<h1 class=\"wp-block-heading has-text-align-center\" style=\"font-size:24px\">Nuestra guerra ajena<\/h1>\n\n\n\n<p class=\"has-text-align-center wp-block-paragraph\">2014<\/p>\n<\/div>\n\n\n\n<div>\n<figure class=\"wp-block-image size-full\"><a href=\"https:\/\/germancastrocaycedo.co\/portal\/story\/una-verdad-oscura\/\"><img loading=\"lazy\" decoding=\"async\" width=\"512\" height=\"768\" src=\"https:\/\/germancastrocaycedo.co\/portal\/wp-content\/uploads\/2026\/07\/21.png\" alt=\"\" class=\"wp-image-7144\" title=\"\" srcset=\"https:\/\/germancastrocaycedo.co\/portal\/wp-content\/uploads\/2026\/07\/21.png 512w, https:\/\/germancastrocaycedo.co\/portal\/wp-content\/uploads\/2026\/07\/21-200x300.png 200w\" sizes=\"auto, (max-width: 512px) 100vw, 512px\" \/><\/a><\/figure>\n\n\n\n<h1 class=\"wp-block-heading has-text-align-center\" style=\"font-size:24px\">Una verdad oscura<\/h1>\n\n\n\n<p class=\"has-text-align-center wp-block-paragraph\">2017<\/p>\n<\/div>\n\n\n\n<div>\n<figure class=\"wp-block-image size-full\"><a href=\"https:\/\/germancastrocaycedo.co\/portal\/story\/huellas\/\"><img loading=\"lazy\" decoding=\"async\" width=\"512\" height=\"768\" src=\"https:\/\/germancastrocaycedo.co\/portal\/wp-content\/uploads\/2026\/07\/22.png\" alt=\"\" class=\"wp-image-7145\" title=\"\" srcset=\"https:\/\/germancastrocaycedo.co\/portal\/wp-content\/uploads\/2026\/07\/22.png 512w, https:\/\/germancastrocaycedo.co\/portal\/wp-content\/uploads\/2026\/07\/22-200x300.png 200w\" sizes=\"auto, (max-width: 512px) 100vw, 512px\" \/><\/a><\/figure>\n\n\n\n<h1 class=\"wp-block-heading has-text-align-center\" style=\"font-size:24px\">Huellas<\/h1>\n\n\n\n<p class=\"has-text-align-center wp-block-paragraph\">2019<\/p>\n<\/div>\n<\/div>\n<\/div>\n<\/div>\n<\/div>\n","protected":false},"excerpt":{"rendered":"<p>Destacadas Germ\u00e1n Castro Caycedo, cinco a\u00f1os despu\u00e9s de su muerte: publicado en la Revista Cambio Revista Cambio registr\u00f3 la reedici\u00f3n de obras de Germ\u00e1n Castro Caycedo: \u2018Perdido en el Amazonas\u2019, \u2018Mi alma se la dejo al diablo\u2019, \u2018La bruja\u2019 y \u2018La noche de las lanzas\u2019. \u2018La noche de las lanzas\u2019 vuelve a circular: sus protagonistas &#8230; <a title=\"Germ\u00e1n Castro Caycedo, p\u00e1gina oficial\" class=\"read-more\" href=\"https:\/\/germancastrocaycedo.co\/portal\/\" aria-label=\"Leer m\u00e1s sobre Germ\u00e1n Castro Caycedo, p\u00e1gina oficial\">Leer m\u00e1s<\/a><\/p>\n","protected":false},"author":2,"featured_media":0,"parent":0,"menu_order":0,"comment_status":"closed","ping_status":"closed","template":"","meta":{"footnotes":""},"class_list":["post-7021","page","type-page","status-publish"],"_links":{"self":[{"href":"https:\/\/germancastrocaycedo.co\/portal\/wp-json\/wp\/v2\/pages\/7021","targetHints":{"allow":["GET"]}}],"collection":[{"href":"https:\/\/germancastrocaycedo.co\/portal\/wp-json\/wp\/v2\/pages"}],"about":[{"href":"https:\/\/germancastrocaycedo.co\/portal\/wp-json\/wp\/v2\/types\/page"}],"author":[{"embeddable":true,"href":"https:\/\/germancastrocaycedo.co\/portal\/wp-json\/wp\/v2\/users\/2"}],"replies":[{"embeddable":true,"href":"https:\/\/germancastrocaycedo.co\/portal\/wp-json\/wp\/v2\/comments?post=7021"}],"version-history":[{"count":149,"href":"https:\/\/germancastrocaycedo.co\/portal\/wp-json\/wp\/v2\/pages\/7021\/revisions"}],"predecessor-version":[{"id":7689,"href":"https:\/\/germancastrocaycedo.co\/portal\/wp-json\/wp\/v2\/pages\/7021\/revisions\/7689"}],"wp:attachment":[{"href":"https:\/\/germancastrocaycedo.co\/portal\/wp-json\/wp\/v2\/media?parent=7021"}],"curies":[{"name":"wp","href":"https:\/\/api.w.org\/{rel}","templated":true}]}}